{"id":965,"date":"2019-04-05T11:27:09","date_gmt":"2019-04-05T10:27:09","guid":{"rendered":"http:\/\/medienerbe-ddr.de\/?page_id=965"},"modified":"2023-10-10T15:20:55","modified_gmt":"2023-10-10T14:20:55","slug":"digitales-archiv-fuer-oral-history","status":"publish","type":"page","link":"https:\/\/medienerbe-ddr.de\/index.php\/projekte-2\/digitales-archiv-fuer-oral-history\/","title":{"rendered":"Oral History: Digitales Archiv"},"content":{"rendered":"\n<p><em>Projektleitung: Dr. J\u00fcrgen Danyel (ZZF)<br>Bearbeitung: Olaf Berg<\/em><\/p>\n\n\n\n<div class=\"wp-block-columns has-2-columns is-layout-flex wp-container-core-columns-is-layout-9d6595d7 wp-block-columns-is-layout-flex\">\n<div class=\"wp-block-column is-layout-flow wp-block-column-is-layout-flow\">\n<div class=\"wp-block-cover is-light has-custom-content-position is-position-bottom-right aligncenter\"><span aria-hidden=\"true\" class=\"wp-block-cover__background has-background-dim-0 has-background-dim\"><\/span><img loading=\"lazy\" decoding=\"async\" width=\"3264\" height=\"1836\" class=\"wp-block-cover__image-background wp-image-648\" src=\"https:\/\/medienerbe-ddr.de\/wp-content\/uploads\/2019\/03\/Oral-History-ZZF-e1552489956217.jpg\" data-object-fit=\"cover\" srcset=\"https:\/\/medienerbe-ddr.de\/wp-content\/uploads\/2019\/03\/Oral-History-ZZF-e1552489956217.jpg 3264w, https:\/\/medienerbe-ddr.de\/wp-content\/uploads\/2019\/03\/Oral-History-ZZF-e1552489956217-300x169.jpg 300w, https:\/\/medienerbe-ddr.de\/wp-content\/uploads\/2019\/03\/Oral-History-ZZF-e1552489956217-768x432.jpg 768w, https:\/\/medienerbe-ddr.de\/wp-content\/uploads\/2019\/03\/Oral-History-ZZF-e1552489956217-1024x576.jpg 1024w, https:\/\/medienerbe-ddr.de\/wp-content\/uploads\/2019\/03\/Oral-History-ZZF-e1552489956217-624x351.jpg 624w\" sizes=\"auto, (max-width: 3264px) 100vw, 3264px\" \/><div class=\"wp-block-cover__inner-container is-layout-flow wp-block-cover-is-layout-flow\">\n<p class=\"has-text-align-center has-white-color has-text-color has-large-font-size\">\u00a9 Janine Funke (ZZF)<\/p>\n<\/div><\/div>\n\n\n\n<p>In den Jahren nach 1990 sind im Kontext der Forschung zur DDR-Geschichte zahlreiche Oral-History-Interviews gef\u00fchrt und ausgewertet worden, die ma\u00dfgeblich zu einer differenzierten Sicht auf die DDR-Gesellschaft beitrugen. Diese von Historiker*innen und Zeitzeug*innen generierten medialen Quellen, oft \u00fcber 25 Jahre alt, sind bisher kaum erschlossen, konserviert und systematisch archiviert worden. Von besonderem Interesse sind diese Interviews zum einen wegen der darin enthaltenen Informationen zu DDR-Biografien und zum Alltag in der DDR-Gesellschaft. Zum anderen sind sie mittlerweile selbst mediale Zeugnisse der Transformationsphase und der Entwicklung der Vereinigungsgesellschaft. Beides erlaubt k\u00fcnftige sekund\u00e4re Analysen dieser Zeugnisse. <\/p>\n\n\n\n<p>\nDas Teilprojekt zielt auf die Entwicklung eines digitalen Archivs f\u00fcr \nOral History-Quellen zur DDR-Geschichte, das diese sammelt, \ndigitalisiert, nach einheitlichen Standards erschlie\u00dft und als \nForschungsdaten f\u00fcr k\u00fcnftige Forschungsvorhaben zur Verf\u00fcgung stellt. \nDer digitale Archivierungs- und Erschlie\u00dfungs-Workflow hat \u00fcber den \nKontext der DDR-Forschung hinaus f\u00fcr das Forschungsdatenmanagement von \naudiovisuellen Materialien grundlegende Bedeutung. \n\n<\/p>\n<\/div>\n<\/div>\n","protected":false},"excerpt":{"rendered":"<p>Projektleitung: Dr. J\u00fcrgen Danyel (ZZF)Bearbeitung: Olaf Berg In den Jahren nach 1990 sind im Kontext der Forschung zur DDR-Geschichte zahlreiche Oral-History-Interviews gef\u00fchrt und ausgewertet worden, die ma\u00dfgeblich zu einer differenzierten&#8230; <a href=\"https:\/\/medienerbe-ddr.de\/index.php\/projekte-2\/digitales-archiv-fuer-oral-history\/\">Read more &raquo;<\/a><\/p>\n","protected":false},"author":4,"featured_media":0,"parent":6,"menu_order":200,"comment_status":"closed","ping_status":"closed","template":"page-templates\/full-width.php","meta":{"_acf_changed":false,"footnotes":""},"class_list":["post-965","page","type-page","status-publish","hentry"],"acf":[],"yoast_head":"<!-- This site is optimized with the Yoast SEO plugin v27.4 - https:\/\/yoast.com\/product\/yoast-seo-wordpress\/ -->\n<title>Oral History: Digitales Archiv - Das mediale Erbe der DDR<\/title>\n<meta name=\"robots\" content=\"index, follow, max-snippet:-1, max-image-preview:large, max-video-preview:-1\" \/>\n<link rel=\"canonical\" href=\"https:\/\/medienerbe-ddr.de\/index.php\/projekte-2\/digitales-archiv-fuer-oral-history\/\" \/>\n<meta property=\"og:locale\" content=\"de_DE\" \/>\n<meta property=\"og:type\" content=\"article\" \/>\n<meta property=\"og:title\" content=\"Oral History: Digitales Archiv - Das mediale Erbe der DDR\" \/>\n<meta property=\"og:description\" content=\"Projektleitung: Dr. J\u00fcrgen Danyel (ZZF)Bearbeitung: Olaf Berg In den Jahren nach 1990 sind im Kontext der Forschung zur DDR-Geschichte zahlreiche Oral-History-Interviews gef\u00fchrt und ausgewertet worden, die ma\u00dfgeblich zu einer differenzierten... Read more &raquo;\" \/>\n<meta property=\"og:url\" content=\"https:\/\/medienerbe-ddr.de\/index.php\/projekte-2\/digitales-archiv-fuer-oral-history\/\" \/>\n<meta property=\"og:site_name\" content=\"Das mediale Erbe der DDR\" \/>\n<meta property=\"article:modified_time\" content=\"2023-10-10T14:20:55+00:00\" \/>\n<meta property=\"og:image\" content=\"https:\/\/medienerbe-ddr.de\/wp-content\/uploads\/2019\/03\/Oral-History-ZZF-e1552489956217.jpg\" \/>\n<meta name=\"twitter:card\" content=\"summary_large_image\" \/>\n<meta name=\"twitter:label1\" content=\"Gesch\u00e4tzte Lesezeit\" \/>\n\t<meta name=\"twitter:data1\" content=\"2\u00a0Minuten\" \/>\n<script type=\"application\/ld+json\" class=\"yoast-schema-graph\">{\"@context\":\"https:\\\/\\\/schema.org\",\"@graph\":[{\"@type\":\"WebPage\",\"@id\":\"https:\\\/\\\/medienerbe-ddr.de\\\/index.php\\\/projekte-2\\\/digitales-archiv-fuer-oral-history\\\/\",\"url\":\"https:\\\/\\\/medienerbe-ddr.de\\\/index.php\\\/projekte-2\\\/digitales-archiv-fuer-oral-history\\\/\",\"name\":\"Oral History: Digitales Archiv - Das mediale Erbe der DDR\",\"isPartOf\":{\"@id\":\"https:\\\/\\\/medienerbe-ddr.de\\\/#website\"},\"primaryImageOfPage\":{\"@id\":\"https:\\\/\\\/medienerbe-ddr.de\\\/index.php\\\/projekte-2\\\/digitales-archiv-fuer-oral-history\\\/#primaryimage\"},\"image\":{\"@id\":\"https:\\\/\\\/medienerbe-ddr.de\\\/index.php\\\/projekte-2\\\/digitales-archiv-fuer-oral-history\\\/#primaryimage\"},\"thumbnailUrl\":\"https:\\\/\\\/medienerbe-ddr.de\\\/wp-content\\\/uploads\\\/2019\\\/03\\\/Oral-History-ZZF-e1552489956217.jpg\",\"datePublished\":\"2019-04-05T10:27:09+00:00\",\"dateModified\":\"2023-10-10T14:20:55+00:00\",\"breadcrumb\":{\"@id\":\"https:\\\/\\\/medienerbe-ddr.de\\\/index.php\\\/projekte-2\\\/digitales-archiv-fuer-oral-history\\\/#breadcrumb\"},\"inLanguage\":\"de\",\"potentialAction\":[{\"@type\":\"ReadAction\",\"target\":[\"https:\\\/\\\/medienerbe-ddr.de\\\/index.php\\\/projekte-2\\\/digitales-archiv-fuer-oral-history\\\/\"]}]},{\"@type\":\"ImageObject\",\"inLanguage\":\"de\",\"@id\":\"https:\\\/\\\/medienerbe-ddr.de\\\/index.php\\\/projekte-2\\\/digitales-archiv-fuer-oral-history\\\/#primaryimage\",\"url\":\"https:\\\/\\\/medienerbe-ddr.de\\\/wp-content\\\/uploads\\\/2019\\\/03\\\/Oral-History-ZZF-e1552489956217.jpg\",\"contentUrl\":\"https:\\\/\\\/medienerbe-ddr.de\\\/wp-content\\\/uploads\\\/2019\\\/03\\\/Oral-History-ZZF-e1552489956217.jpg\",\"width\":3264,\"height\":1836},{\"@type\":\"BreadcrumbList\",\"@id\":\"https:\\\/\\\/medienerbe-ddr.de\\\/index.php\\\/projekte-2\\\/digitales-archiv-fuer-oral-history\\\/#breadcrumb\",\"itemListElement\":[{\"@type\":\"ListItem\",\"position\":1,\"name\":\"Startseite\",\"item\":\"https:\\\/\\\/medienerbe-ddr.de\\\/\"},{\"@type\":\"ListItem\",\"position\":2,\"name\":\"Projekte 2019 \u2013 2023\",\"item\":\"https:\\\/\\\/medienerbe-ddr.de\\\/index.php\\\/projekte-2\\\/\"},{\"@type\":\"ListItem\",\"position\":3,\"name\":\"Oral History: Digitales Archiv\"}]},{\"@type\":\"WebSite\",\"@id\":\"https:\\\/\\\/medienerbe-ddr.de\\\/#website\",\"url\":\"https:\\\/\\\/medienerbe-ddr.de\\\/\",\"name\":\"Das mediale Erbe der DDR\",\"description\":\"Akteure, Aneignung, Tradierung\",\"publisher\":{\"@id\":\"https:\\\/\\\/medienerbe-ddr.de\\\/#organization\"},\"potentialAction\":[{\"@type\":\"SearchAction\",\"target\":{\"@type\":\"EntryPoint\",\"urlTemplate\":\"https:\\\/\\\/medienerbe-ddr.de\\\/?s={search_term_string}\"},\"query-input\":{\"@type\":\"PropertyValueSpecification\",\"valueRequired\":true,\"valueName\":\"search_term_string\"}}],\"inLanguage\":\"de\"},{\"@type\":\"Organization\",\"@id\":\"https:\\\/\\\/medienerbe-ddr.de\\\/#organization\",\"name\":\"Forschungsverbund Das mediale Erbe der DDR\",\"url\":\"https:\\\/\\\/medienerbe-ddr.de\\\/\",\"logo\":{\"@type\":\"ImageObject\",\"inLanguage\":\"de\",\"@id\":\"https:\\\/\\\/medienerbe-ddr.de\\\/#\\\/schema\\\/logo\\\/image\\\/\",\"url\":\"https:\\\/\\\/medienerbe-ddr.de\\\/wp-content\\\/uploads\\\/2019\\\/03\\\/LogoDDR_27mm-hg-weiss.png\",\"contentUrl\":\"https:\\\/\\\/medienerbe-ddr.de\\\/wp-content\\\/uploads\\\/2019\\\/03\\\/LogoDDR_27mm-hg-weiss.png\",\"width\":319,\"height\":305,\"caption\":\"Forschungsverbund Das mediale Erbe der DDR\"},\"image\":{\"@id\":\"https:\\\/\\\/medienerbe-ddr.de\\\/#\\\/schema\\\/logo\\\/image\\\/\"}}]}<\/script>\n<!-- \/ Yoast SEO plugin. -->","yoast_head_json":{"title":"Oral History: Digitales Archiv - Das mediale Erbe der DDR","robots":{"index":"index","follow":"follow","max-snippet":"max-snippet:-1","max-image-preview":"max-image-preview:large","max-video-preview":"max-video-preview:-1"},"canonical":"https:\/\/medienerbe-ddr.de\/index.php\/projekte-2\/digitales-archiv-fuer-oral-history\/","og_locale":"de_DE","og_type":"article","og_title":"Oral History: Digitales Archiv - Das mediale Erbe der DDR","og_description":"Projektleitung: Dr. J\u00fcrgen Danyel (ZZF)Bearbeitung: Olaf Berg In den Jahren nach 1990 sind im Kontext der Forschung zur DDR-Geschichte zahlreiche Oral-History-Interviews gef\u00fchrt und ausgewertet worden, die ma\u00dfgeblich zu einer differenzierten... Read more &raquo;","og_url":"https:\/\/medienerbe-ddr.de\/index.php\/projekte-2\/digitales-archiv-fuer-oral-history\/","og_site_name":"Das mediale Erbe der DDR","article_modified_time":"2023-10-10T14:20:55+00:00","og_image":[{"url":"https:\/\/medienerbe-ddr.de\/wp-content\/uploads\/2019\/03\/Oral-History-ZZF-e1552489956217.jpg","type":"","width":"","height":""}],"twitter_card":"summary_large_image","twitter_misc":{"Gesch\u00e4tzte Lesezeit":"2\u00a0Minuten"},"schema":{"@context":"https:\/\/schema.org","@graph":[{"@type":"WebPage","@id":"https:\/\/medienerbe-ddr.de\/index.php\/projekte-2\/digitales-archiv-fuer-oral-history\/","url":"https:\/\/medienerbe-ddr.de\/index.php\/projekte-2\/digitales-archiv-fuer-oral-history\/","name":"Oral History: Digitales Archiv - Das mediale Erbe der DDR","isPartOf":{"@id":"https:\/\/medienerbe-ddr.de\/#website"},"primaryImageOfPage":{"@id":"https:\/\/medienerbe-ddr.de\/index.php\/projekte-2\/digitales-archiv-fuer-oral-history\/#primaryimage"},"image":{"@id":"https:\/\/medienerbe-ddr.de\/index.php\/projekte-2\/digitales-archiv-fuer-oral-history\/#primaryimage"},"thumbnailUrl":"https:\/\/medienerbe-ddr.de\/wp-content\/uploads\/2019\/03\/Oral-History-ZZF-e1552489956217.jpg","datePublished":"2019-04-05T10:27:09+00:00","dateModified":"2023-10-10T14:20:55+00:00","breadcrumb":{"@id":"https:\/\/medienerbe-ddr.de\/index.php\/projekte-2\/digitales-archiv-fuer-oral-history\/#breadcrumb"},"inLanguage":"de","potentialAction":[{"@type":"ReadAction","target":["https:\/\/medienerbe-ddr.de\/index.php\/projekte-2\/digitales-archiv-fuer-oral-history\/"]}]},{"@type":"ImageObject","inLanguage":"de","@id":"https:\/\/medienerbe-ddr.de\/index.php\/projekte-2\/digitales-archiv-fuer-oral-history\/#primaryimage","url":"https:\/\/medienerbe-ddr.de\/wp-content\/uploads\/2019\/03\/Oral-History-ZZF-e1552489956217.jpg","contentUrl":"https:\/\/medienerbe-ddr.de\/wp-content\/uploads\/2019\/03\/Oral-History-ZZF-e1552489956217.jpg","width":3264,"height":1836},{"@type":"BreadcrumbList","@id":"https:\/\/medienerbe-ddr.de\/index.php\/projekte-2\/digitales-archiv-fuer-oral-history\/#breadcrumb","itemListElement":[{"@type":"ListItem","position":1,"name":"Startseite","item":"https:\/\/medienerbe-ddr.de\/"},{"@type":"ListItem","position":2,"name":"Projekte 2019 \u2013 2023","item":"https:\/\/medienerbe-ddr.de\/index.php\/projekte-2\/"},{"@type":"ListItem","position":3,"name":"Oral History: Digitales Archiv"}]},{"@type":"WebSite","@id":"https:\/\/medienerbe-ddr.de\/#website","url":"https:\/\/medienerbe-ddr.de\/","name":"Das mediale Erbe der DDR","description":"Akteure, Aneignung, Tradierung","publisher":{"@id":"https:\/\/medienerbe-ddr.de\/#organization"},"potentialAction":[{"@type":"SearchAction","target":{"@type":"EntryPoint","urlTemplate":"https:\/\/medienerbe-ddr.de\/?s={search_term_string}"},"query-input":{"@type":"PropertyValueSpecification","valueRequired":true,"valueName":"search_term_string"}}],"inLanguage":"de"},{"@type":"Organization","@id":"https:\/\/medienerbe-ddr.de\/#organization","name":"Forschungsverbund Das mediale Erbe der DDR","url":"https:\/\/medienerbe-ddr.de\/","logo":{"@type":"ImageObject","inLanguage":"de","@id":"https:\/\/medienerbe-ddr.de\/#\/schema\/logo\/image\/","url":"https:\/\/medienerbe-ddr.de\/wp-content\/uploads\/2019\/03\/LogoDDR_27mm-hg-weiss.png","contentUrl":"https:\/\/medienerbe-ddr.de\/wp-content\/uploads\/2019\/03\/LogoDDR_27mm-hg-weiss.png","width":319,"height":305,"caption":"Forschungsverbund Das mediale Erbe der DDR"},"image":{"@id":"https:\/\/medienerbe-ddr.de\/#\/schema\/logo\/image\/"}}]}},"_links":{"self":[{"href":"https:\/\/medienerbe-ddr.de\/index.php\/wp-json\/wp\/v2\/pages\/965","targetHints":{"allow":["GET"]}}],"collection":[{"href":"https:\/\/medienerbe-ddr.de\/index.php\/wp-json\/wp\/v2\/pages"}],"about":[{"href":"https:\/\/medienerbe-ddr.de\/index.php\/wp-json\/wp\/v2\/types\/page"}],"author":[{"embeddable":true,"href":"https:\/\/medienerbe-ddr.de\/index.php\/wp-json\/wp\/v2\/users\/4"}],"replies":[{"embeddable":true,"href":"https:\/\/medienerbe-ddr.de\/index.php\/wp-json\/wp\/v2\/comments?post=965"}],"version-history":[{"count":4,"href":"https:\/\/medienerbe-ddr.de\/index.php\/wp-json\/wp\/v2\/pages\/965\/revisions"}],"predecessor-version":[{"id":1459,"href":"https:\/\/medienerbe-ddr.de\/index.php\/wp-json\/wp\/v2\/pages\/965\/revisions\/1459"}],"up":[{"embeddable":true,"href":"https:\/\/medienerbe-ddr.de\/index.php\/wp-json\/wp\/v2\/pages\/6"}],"wp:attachment":[{"href":"https:\/\/medienerbe-ddr.de\/index.php\/wp-json\/wp\/v2\/media?parent=965"}],"curies":[{"name":"wp","href":"https:\/\/api.w.org\/{rel}","templated":true}]}}