{"id":919,"date":"2019-04-05T09:31:37","date_gmt":"2019-04-05T08:31:37","guid":{"rendered":"http:\/\/medienerbe-ddr.de\/?page_id=919"},"modified":"2023-10-10T14:51:43","modified_gmt":"2023-10-10T13:51:43","slug":"mediale-vermittlungen-und-aneignungen-von-ddr-geschichte-in-der-schule-2","status":"publish","type":"page","link":"https:\/\/medienerbe-ddr.de\/index.php\/projekte-2\/mediale-vermittlungen-und-aneignungen-von-ddr-geschichte-in-der-schule-2\/","title":{"rendered":"Mediale Vermittlungen und Aneignungen von DDR-Geschichte in der Schule"},"content":{"rendered":"\n<p><em>Projektleitung: Prof. Dr. Michele Barricelli (LMU)<br>Bearbeitung: Christian Tetzlaff<\/em><\/p>\n\n\n\n<div class=\"wp-block-columns has-2-columns is-layout-flex wp-container-core-columns-is-layout-9d6595d7 wp-block-columns-is-layout-flex\">\n<div class=\"wp-block-column is-layout-flow wp-block-column-is-layout-flow\">\n<div class=\"wp-block-cover aligncenter is-light has-custom-content-position is-position-bottom-right\"><span aria-hidden=\"true\" class=\"wp-block-cover__background has-background-dim-0 has-background-dim\"><\/span><img loading=\"lazy\" decoding=\"async\" width=\"579\" height=\"348\" class=\"wp-block-cover__image-background wp-image-563\" src=\"https:\/\/medienerbe-ddr.de\/wp-content\/uploads\/2019\/03\/B3.jpg\" data-object-fit=\"cover\" srcset=\"https:\/\/medienerbe-ddr.de\/wp-content\/uploads\/2019\/03\/B3.jpg 579w, https:\/\/medienerbe-ddr.de\/wp-content\/uploads\/2019\/03\/B3-300x180.jpg 300w\" sizes=\"auto, (max-width: 579px) 100vw, 579px\" \/><div class=\"wp-block-cover__inner-container is-layout-flow wp-block-cover-is-layout-flow\">\n<p class=\"has-text-align-center has-white-color has-text-color has-large-font-size\">\u00a9 Christian Tetzlaff<\/p>\n<\/div><\/div>\n\n\n\n<p>Bei der Aufarbeitung und\ndidaktischen Aufbereitung von DDR-Geschichte spielt die Schule als\ngesamtgesellschaftlich verpflichtender Lernort eine zentrale Rolle. Junge\nMenschen kommen hier \u2013 unabh\u00e4ngig von sozialen Milieus, Vorerfahrungen und\nVoreinstellungen \u2013 mit der Thematik in Ber\u00fchrung, werden zu Urteilen\naufgefordert und sollen durch die Auseinandersetzung mit einer Diktatur\nOrientierung f\u00fcr demokratisches Handeln in ihrer Gegenwart gewinnen. <\/p>\n\n\n\n<p>Das Teilprojekt widmet sich der\nFrage, wie die DDR-Geschichte angesichts des generationellen Wandels in der\nSchule der Bundesrepublik nach 1989\/90 unterrichtet wurde. Untersucht werden,\nmit den theoretisch-kategorialen wie empirischen Mitteln der\nGeschichtsdidaktik, Schulb\u00fccher als \u201enationale Autobiographien\u201c (in der Regel\n9. oder 10. Jahrgangsstufe) \u00fcber den gesamten Zeitraum bis heute, und zwar aus\nallen Schularten und jeweils ausgew\u00e4hlten Bundesl\u00e4ndern bzw. Bildungsregionen\neinschlie\u00dflich Lehrerb\u00e4nden und Aufgabenheften. Erg\u00e4nzend werden\nVermittlungsangebote aus Lehrerbildungsinstituten, Stiftungen, Gedenkst\u00e4tten\nhinzugezogen. Gefragt wird nach Umfang und Intensit\u00e4t der Darstellung,\nthematischer Vielfalt bzw. Schwerpunktsetzung im Spannungsfeld zwischen\nHerrschafts-, Sozial- und Alltagsgeschichte, systematischen Bez\u00fcgen zur Bundesrepublik\nund globalen Kontexten (\u201eKalter Krieg\u201c). Dabei geht es nicht um die (methodisch\nkaum m\u00f6gliche) Rekonstruktion von tats\u00e4chlich erteiltem Unterricht, sondern um\ndie schwankende Profilierung von DDR-Geschichte als der Erz\u00e4hlung von einer\nrepressiven, \u00fcberwachten Gesellschaft wie auch der Erinnerung an Nischen,\nEigensinn und Widerstand, z.B. auf der Ebene von Jugend, Subkultur, Kirche.<\/p>\n\n\n\n<p>Zu erwarten ist, dass die DDR mit zunehmendem zeitlichen Abstand zwar auch im Schulbuch zunehmend historisiert, den fachdidaktischen Erkenntnisprinzipien von Multiperspektivit\u00e4t und Kontroversit\u00e4t unterworfen sowie im Zuge der Kompetenzorientierung auf einige wenige exemplarische Lerninhalte mit Lebensweltrelevanz reduziert wird, aber doch ihren eigenen Stellenwert f\u00fcr den Aufbau einer historischen Identit\u00e4t im Deutschland des 21. Jahrhunderts beh\u00e4lt.<\/p>\n\n\n\n<p><strong>Publikationen<\/strong><\/p>\n\n\n\n<ul class=\"wp-block-list\">\n<li>Michele Barricelli: Machtvolle Erz\u00e4hlungen. Versuche der Sprachbildung im Schulfach Geschichte mit Blick auf Herrschaft, Freiheitsrechte und kulturelle Vielfalt. In: Saskia Handro, Bernd Sch\u00f6nemann (Hg.): Sprachsensibler Geschichtsunterricht. Geschichtsdidaktische Forschungsperspektiven und -befunde. M\u00fcnster 2022, S. 48\u201366.<\/li>\n\n\n\n<li>Michele Barricelli: Narrativit\u00e4t im Geschichtsunterricht oder vom unaufh\u00f6rlichen Erz\u00e4hlen. Begr\u00fcndung, Herleitung, Bedeutung. In: Thomas Must, J\u00f6rg van Norden, Mina Martini (Hg.): Geschichtsdidaktik in der Debatte. Beitr\u00e4ge zu einem interdisziplin\u00e4ren Diskurs. Frankfurt\/M. 2022, S. 169\u2013184.<\/li>\n\n\n\n<li>Michele Barricelli: Nur Missst\u00e4nde, Krisen, Revolutionen? Vom Geschichtsunterricht und dem vertrauensvollen Erz\u00e4hlen f\u00fcr eine gute Zukunft. In: Lars Deile, J\u00f6rg van Norden, Peter Riedel (Hg.): Brennpunkte des Geschichtsunterrichts. Joachim Rohlfes zum 90. Geburtstag. Frankfurt\/M. 2021, S. 262\u2013268.<\/li>\n\n\n\n<li>Michele Barricelli: \u201eFriedliche Revolution\u201c \u2013 Anker f\u00fcr ein demokratisches \u201eWir\u201c? In: Bayerische Landeszentrale f\u00fcr politische Bildungsarbeit (Hg.): erinnern.elementar, M\u00fcnchen 2021, URL: <a href=\"https:\/\/www.blz.bayern.de\/materialschuber-erinnernelementar_p_23.html\">https:\/\/www.blz.bayern.de\/materialschuber-erinnernelementar_p_23.html<\/a><\/li>\n\n\n\n<li>Michele Barricelli: Historisch-kulturelles Lernen und kulturelle Bildung. Ein Beispiel f\u00fcr lebensweltlich bedeutsame Erinnerungskultur. In: Markus Gloe, Tonio Oeftering (Hg.): Politische Bildung meets Kulturelle Bildung. Baden-Baden 2020, S. 159\u2013175.<\/li>\n\n\n\n<li>Michele Barricelli: \u00dcberflieger. Die Debatte um Erz\u00e4hlen und narrative Kompetenz im Geschichtsunterricht auf ihrem fragw\u00fcrdigen H\u00f6hepunkt. In: Waltraud Schreiber, B\u00e9atrice Ziegler, Christoph K\u00fchberger (Hg.): Geschichtsdidaktischer Zwischenhalt. Beitr\u00e4ge aus der Tagung \u201eKompetent machen f\u00fcr ein Leben in, mit und durch Geschichte\u201c in Eichst\u00e4tt vom November 2017. M\u00fcnster 2019, S. 43\u201358.<\/li>\n\n\n\n<li>Michele Barricelli: Demokratiegeschichte als Lerngeschichte. Zu einem vernachl\u00e4ssigten Zweig der historisch-politischen Bildung. In: Gegen Vergessen \u2013 F\u00fcr Demokratie (Hg.): Demokratiegeschichte. Berlin 2018, S. 29\u201340.<\/li>\n<\/ul>\n<\/div>\n<\/div>\n","protected":false},"excerpt":{"rendered":"<p>Projektleitung: Prof. Dr. Michele Barricelli (LMU)Bearbeitung: Christian Tetzlaff Bei der Aufarbeitung und didaktischen Aufbereitung von DDR-Geschichte spielt die Schule als gesamtgesellschaftlich verpflichtender Lernort eine zentrale Rolle. Junge Menschen kommen hier&#8230; <a href=\"https:\/\/medienerbe-ddr.de\/index.php\/projekte-2\/mediale-vermittlungen-und-aneignungen-von-ddr-geschichte-in-der-schule-2\/\">Read more &raquo;<\/a><\/p>\n","protected":false},"author":4,"featured_media":0,"parent":6,"menu_order":200,"comment_status":"closed","ping_status":"closed","template":"page-templates\/full-width.php","meta":{"_acf_changed":false,"footnotes":""},"class_list":["post-919","page","type-page","status-publish","hentry"],"acf":[],"yoast_head":"<!-- This site is optimized with the Yoast SEO plugin v27.4 - https:\/\/yoast.com\/product\/yoast-seo-wordpress\/ -->\n<title>Mediale Vermittlungen und Aneignungen von DDR-Geschichte in der Schule - Das mediale Erbe der DDR<\/title>\n<meta name=\"robots\" content=\"index, follow, max-snippet:-1, max-image-preview:large, max-video-preview:-1\" \/>\n<link rel=\"canonical\" href=\"https:\/\/medienerbe-ddr.de\/index.php\/projekte-2\/mediale-vermittlungen-und-aneignungen-von-ddr-geschichte-in-der-schule-2\/\" \/>\n<meta property=\"og:locale\" content=\"de_DE\" \/>\n<meta property=\"og:type\" content=\"article\" \/>\n<meta property=\"og:title\" content=\"Mediale Vermittlungen und Aneignungen von DDR-Geschichte in der Schule - Das mediale Erbe der DDR\" \/>\n<meta property=\"og:description\" content=\"Projektleitung: Prof. Dr. Michele Barricelli (LMU)Bearbeitung: Christian Tetzlaff Bei der Aufarbeitung und didaktischen Aufbereitung von DDR-Geschichte spielt die Schule als gesamtgesellschaftlich verpflichtender Lernort eine zentrale Rolle. Junge Menschen kommen hier... Read more &raquo;\" \/>\n<meta property=\"og:url\" content=\"https:\/\/medienerbe-ddr.de\/index.php\/projekte-2\/mediale-vermittlungen-und-aneignungen-von-ddr-geschichte-in-der-schule-2\/\" \/>\n<meta property=\"og:site_name\" content=\"Das mediale Erbe der DDR\" \/>\n<meta property=\"article:modified_time\" content=\"2023-10-10T13:51:43+00:00\" \/>\n<meta property=\"og:image\" content=\"https:\/\/medienerbe-ddr.de\/wp-content\/uploads\/2019\/03\/B3.jpg\" \/>\n<meta name=\"twitter:card\" content=\"summary_large_image\" \/>\n<meta name=\"twitter:label1\" content=\"Gesch\u00e4tzte Lesezeit\" \/>\n\t<meta name=\"twitter:data1\" content=\"3\u00a0Minuten\" \/>\n<script type=\"application\/ld+json\" class=\"yoast-schema-graph\">{\"@context\":\"https:\\\/\\\/schema.org\",\"@graph\":[{\"@type\":\"WebPage\",\"@id\":\"https:\\\/\\\/medienerbe-ddr.de\\\/index.php\\\/projekte-2\\\/mediale-vermittlungen-und-aneignungen-von-ddr-geschichte-in-der-schule-2\\\/\",\"url\":\"https:\\\/\\\/medienerbe-ddr.de\\\/index.php\\\/projekte-2\\\/mediale-vermittlungen-und-aneignungen-von-ddr-geschichte-in-der-schule-2\\\/\",\"name\":\"Mediale Vermittlungen und Aneignungen von DDR-Geschichte in der Schule - Das mediale Erbe der DDR\",\"isPartOf\":{\"@id\":\"https:\\\/\\\/medienerbe-ddr.de\\\/#website\"},\"primaryImageOfPage\":{\"@id\":\"https:\\\/\\\/medienerbe-ddr.de\\\/index.php\\\/projekte-2\\\/mediale-vermittlungen-und-aneignungen-von-ddr-geschichte-in-der-schule-2\\\/#primaryimage\"},\"image\":{\"@id\":\"https:\\\/\\\/medienerbe-ddr.de\\\/index.php\\\/projekte-2\\\/mediale-vermittlungen-und-aneignungen-von-ddr-geschichte-in-der-schule-2\\\/#primaryimage\"},\"thumbnailUrl\":\"https:\\\/\\\/medienerbe-ddr.de\\\/wp-content\\\/uploads\\\/2019\\\/03\\\/B3.jpg\",\"datePublished\":\"2019-04-05T08:31:37+00:00\",\"dateModified\":\"2023-10-10T13:51:43+00:00\",\"breadcrumb\":{\"@id\":\"https:\\\/\\\/medienerbe-ddr.de\\\/index.php\\\/projekte-2\\\/mediale-vermittlungen-und-aneignungen-von-ddr-geschichte-in-der-schule-2\\\/#breadcrumb\"},\"inLanguage\":\"de\",\"potentialAction\":[{\"@type\":\"ReadAction\",\"target\":[\"https:\\\/\\\/medienerbe-ddr.de\\\/index.php\\\/projekte-2\\\/mediale-vermittlungen-und-aneignungen-von-ddr-geschichte-in-der-schule-2\\\/\"]}]},{\"@type\":\"ImageObject\",\"inLanguage\":\"de\",\"@id\":\"https:\\\/\\\/medienerbe-ddr.de\\\/index.php\\\/projekte-2\\\/mediale-vermittlungen-und-aneignungen-von-ddr-geschichte-in-der-schule-2\\\/#primaryimage\",\"url\":\"https:\\\/\\\/medienerbe-ddr.de\\\/wp-content\\\/uploads\\\/2019\\\/03\\\/B3.jpg\",\"contentUrl\":\"https:\\\/\\\/medienerbe-ddr.de\\\/wp-content\\\/uploads\\\/2019\\\/03\\\/B3.jpg\",\"width\":579,\"height\":348,\"caption\":\"DDR-Geschichte in der Schule\"},{\"@type\":\"BreadcrumbList\",\"@id\":\"https:\\\/\\\/medienerbe-ddr.de\\\/index.php\\\/projekte-2\\\/mediale-vermittlungen-und-aneignungen-von-ddr-geschichte-in-der-schule-2\\\/#breadcrumb\",\"itemListElement\":[{\"@type\":\"ListItem\",\"position\":1,\"name\":\"Startseite\",\"item\":\"https:\\\/\\\/medienerbe-ddr.de\\\/\"},{\"@type\":\"ListItem\",\"position\":2,\"name\":\"Projekte 2019 \u2013 2023\",\"item\":\"https:\\\/\\\/medienerbe-ddr.de\\\/index.php\\\/projekte-2\\\/\"},{\"@type\":\"ListItem\",\"position\":3,\"name\":\"Mediale Vermittlungen und Aneignungen von DDR-Geschichte in der Schule\"}]},{\"@type\":\"WebSite\",\"@id\":\"https:\\\/\\\/medienerbe-ddr.de\\\/#website\",\"url\":\"https:\\\/\\\/medienerbe-ddr.de\\\/\",\"name\":\"Das mediale Erbe der DDR\",\"description\":\"Akteure, Aneignung, Tradierung\",\"publisher\":{\"@id\":\"https:\\\/\\\/medienerbe-ddr.de\\\/#organization\"},\"potentialAction\":[{\"@type\":\"SearchAction\",\"target\":{\"@type\":\"EntryPoint\",\"urlTemplate\":\"https:\\\/\\\/medienerbe-ddr.de\\\/?s={search_term_string}\"},\"query-input\":{\"@type\":\"PropertyValueSpecification\",\"valueRequired\":true,\"valueName\":\"search_term_string\"}}],\"inLanguage\":\"de\"},{\"@type\":\"Organization\",\"@id\":\"https:\\\/\\\/medienerbe-ddr.de\\\/#organization\",\"name\":\"Forschungsverbund Das mediale Erbe der DDR\",\"url\":\"https:\\\/\\\/medienerbe-ddr.de\\\/\",\"logo\":{\"@type\":\"ImageObject\",\"inLanguage\":\"de\",\"@id\":\"https:\\\/\\\/medienerbe-ddr.de\\\/#\\\/schema\\\/logo\\\/image\\\/\",\"url\":\"https:\\\/\\\/medienerbe-ddr.de\\\/wp-content\\\/uploads\\\/2019\\\/03\\\/LogoDDR_27mm-hg-weiss.png\",\"contentUrl\":\"https:\\\/\\\/medienerbe-ddr.de\\\/wp-content\\\/uploads\\\/2019\\\/03\\\/LogoDDR_27mm-hg-weiss.png\",\"width\":319,\"height\":305,\"caption\":\"Forschungsverbund Das mediale Erbe der DDR\"},\"image\":{\"@id\":\"https:\\\/\\\/medienerbe-ddr.de\\\/#\\\/schema\\\/logo\\\/image\\\/\"}}]}<\/script>\n<!-- \/ Yoast SEO plugin. -->","yoast_head_json":{"title":"Mediale Vermittlungen und Aneignungen von DDR-Geschichte in der Schule - Das mediale Erbe der DDR","robots":{"index":"index","follow":"follow","max-snippet":"max-snippet:-1","max-image-preview":"max-image-preview:large","max-video-preview":"max-video-preview:-1"},"canonical":"https:\/\/medienerbe-ddr.de\/index.php\/projekte-2\/mediale-vermittlungen-und-aneignungen-von-ddr-geschichte-in-der-schule-2\/","og_locale":"de_DE","og_type":"article","og_title":"Mediale Vermittlungen und Aneignungen von DDR-Geschichte in der Schule - Das mediale Erbe der DDR","og_description":"Projektleitung: Prof. Dr. Michele Barricelli (LMU)Bearbeitung: Christian Tetzlaff Bei der Aufarbeitung und didaktischen Aufbereitung von DDR-Geschichte spielt die Schule als gesamtgesellschaftlich verpflichtender Lernort eine zentrale Rolle. Junge Menschen kommen hier... Read more &raquo;","og_url":"https:\/\/medienerbe-ddr.de\/index.php\/projekte-2\/mediale-vermittlungen-und-aneignungen-von-ddr-geschichte-in-der-schule-2\/","og_site_name":"Das mediale Erbe der DDR","article_modified_time":"2023-10-10T13:51:43+00:00","og_image":[{"url":"https:\/\/medienerbe-ddr.de\/wp-content\/uploads\/2019\/03\/B3.jpg","type":"","width":"","height":""}],"twitter_card":"summary_large_image","twitter_misc":{"Gesch\u00e4tzte Lesezeit":"3\u00a0Minuten"},"schema":{"@context":"https:\/\/schema.org","@graph":[{"@type":"WebPage","@id":"https:\/\/medienerbe-ddr.de\/index.php\/projekte-2\/mediale-vermittlungen-und-aneignungen-von-ddr-geschichte-in-der-schule-2\/","url":"https:\/\/medienerbe-ddr.de\/index.php\/projekte-2\/mediale-vermittlungen-und-aneignungen-von-ddr-geschichte-in-der-schule-2\/","name":"Mediale Vermittlungen und Aneignungen von DDR-Geschichte in der Schule - Das mediale Erbe der DDR","isPartOf":{"@id":"https:\/\/medienerbe-ddr.de\/#website"},"primaryImageOfPage":{"@id":"https:\/\/medienerbe-ddr.de\/index.php\/projekte-2\/mediale-vermittlungen-und-aneignungen-von-ddr-geschichte-in-der-schule-2\/#primaryimage"},"image":{"@id":"https:\/\/medienerbe-ddr.de\/index.php\/projekte-2\/mediale-vermittlungen-und-aneignungen-von-ddr-geschichte-in-der-schule-2\/#primaryimage"},"thumbnailUrl":"https:\/\/medienerbe-ddr.de\/wp-content\/uploads\/2019\/03\/B3.jpg","datePublished":"2019-04-05T08:31:37+00:00","dateModified":"2023-10-10T13:51:43+00:00","breadcrumb":{"@id":"https:\/\/medienerbe-ddr.de\/index.php\/projekte-2\/mediale-vermittlungen-und-aneignungen-von-ddr-geschichte-in-der-schule-2\/#breadcrumb"},"inLanguage":"de","potentialAction":[{"@type":"ReadAction","target":["https:\/\/medienerbe-ddr.de\/index.php\/projekte-2\/mediale-vermittlungen-und-aneignungen-von-ddr-geschichte-in-der-schule-2\/"]}]},{"@type":"ImageObject","inLanguage":"de","@id":"https:\/\/medienerbe-ddr.de\/index.php\/projekte-2\/mediale-vermittlungen-und-aneignungen-von-ddr-geschichte-in-der-schule-2\/#primaryimage","url":"https:\/\/medienerbe-ddr.de\/wp-content\/uploads\/2019\/03\/B3.jpg","contentUrl":"https:\/\/medienerbe-ddr.de\/wp-content\/uploads\/2019\/03\/B3.jpg","width":579,"height":348,"caption":"DDR-Geschichte in der Schule"},{"@type":"BreadcrumbList","@id":"https:\/\/medienerbe-ddr.de\/index.php\/projekte-2\/mediale-vermittlungen-und-aneignungen-von-ddr-geschichte-in-der-schule-2\/#breadcrumb","itemListElement":[{"@type":"ListItem","position":1,"name":"Startseite","item":"https:\/\/medienerbe-ddr.de\/"},{"@type":"ListItem","position":2,"name":"Projekte 2019 \u2013 2023","item":"https:\/\/medienerbe-ddr.de\/index.php\/projekte-2\/"},{"@type":"ListItem","position":3,"name":"Mediale Vermittlungen und Aneignungen von DDR-Geschichte in der Schule"}]},{"@type":"WebSite","@id":"https:\/\/medienerbe-ddr.de\/#website","url":"https:\/\/medienerbe-ddr.de\/","name":"Das mediale Erbe der DDR","description":"Akteure, Aneignung, Tradierung","publisher":{"@id":"https:\/\/medienerbe-ddr.de\/#organization"},"potentialAction":[{"@type":"SearchAction","target":{"@type":"EntryPoint","urlTemplate":"https:\/\/medienerbe-ddr.de\/?s={search_term_string}"},"query-input":{"@type":"PropertyValueSpecification","valueRequired":true,"valueName":"search_term_string"}}],"inLanguage":"de"},{"@type":"Organization","@id":"https:\/\/medienerbe-ddr.de\/#organization","name":"Forschungsverbund Das mediale Erbe der DDR","url":"https:\/\/medienerbe-ddr.de\/","logo":{"@type":"ImageObject","inLanguage":"de","@id":"https:\/\/medienerbe-ddr.de\/#\/schema\/logo\/image\/","url":"https:\/\/medienerbe-ddr.de\/wp-content\/uploads\/2019\/03\/LogoDDR_27mm-hg-weiss.png","contentUrl":"https:\/\/medienerbe-ddr.de\/wp-content\/uploads\/2019\/03\/LogoDDR_27mm-hg-weiss.png","width":319,"height":305,"caption":"Forschungsverbund Das mediale Erbe der DDR"},"image":{"@id":"https:\/\/medienerbe-ddr.de\/#\/schema\/logo\/image\/"}}]}},"_links":{"self":[{"href":"https:\/\/medienerbe-ddr.de\/index.php\/wp-json\/wp\/v2\/pages\/919","targetHints":{"allow":["GET"]}}],"collection":[{"href":"https:\/\/medienerbe-ddr.de\/index.php\/wp-json\/wp\/v2\/pages"}],"about":[{"href":"https:\/\/medienerbe-ddr.de\/index.php\/wp-json\/wp\/v2\/types\/page"}],"author":[{"embeddable":true,"href":"https:\/\/medienerbe-ddr.de\/index.php\/wp-json\/wp\/v2\/users\/4"}],"replies":[{"embeddable":true,"href":"https:\/\/medienerbe-ddr.de\/index.php\/wp-json\/wp\/v2\/comments?post=919"}],"version-history":[{"count":4,"href":"https:\/\/medienerbe-ddr.de\/index.php\/wp-json\/wp\/v2\/pages\/919\/revisions"}],"predecessor-version":[{"id":1440,"href":"https:\/\/medienerbe-ddr.de\/index.php\/wp-json\/wp\/v2\/pages\/919\/revisions\/1440"}],"up":[{"embeddable":true,"href":"https:\/\/medienerbe-ddr.de\/index.php\/wp-json\/wp\/v2\/pages\/6"}],"wp:attachment":[{"href":"https:\/\/medienerbe-ddr.de\/index.php\/wp-json\/wp\/v2\/media?parent=919"}],"curies":[{"name":"wp","href":"https:\/\/api.w.org\/{rel}","templated":true}]}}