{"id":895,"date":"2019-04-03T09:33:10","date_gmt":"2019-04-03T08:33:10","guid":{"rendered":"http:\/\/medienerbe-ddr.de\/?page_id=895"},"modified":"2025-10-01T08:29:12","modified_gmt":"2025-10-01T07:29:12","slug":"medialisierte-erinnerungen-zwischen-diktatur-und-alltag-die-ddr-in-sozialen-medien","status":"publish","type":"page","link":"https:\/\/medienerbe-ddr.de\/index.php\/projekte-2\/medialisierte-erinnerungen-zwischen-diktatur-und-alltag-die-ddr-in-sozialen-medien\/","title":{"rendered":"Erinnern im (medialen) Umbruch: Die DDR im Internet seit den 1990er Jahren"},"content":{"rendered":"\n<p><em>Projektleitung: Prof. Dr. Frank B\u00f6sch, Dr. Irmgard Z\u00fcndorf (ZZF)<br>Bearbeitung: Nils Theinert (bis 29.02.2020), Lea Frese-Renner (ab 01.04.2020)<\/em><\/p>\n\n\n\n<div class=\"wp-block-columns has-2-columns is-layout-flex wp-container-core-columns-is-layout-9d6595d7 wp-block-columns-is-layout-flex\">\n<div class=\"wp-block-column is-layout-flow wp-block-column-is-layout-flow\">\n<div class=\"wp-block-cover aligncenter is-light has-custom-content-position is-position-bottom-right\"><img loading=\"lazy\" decoding=\"async\" width=\"1000\" height=\"665\" class=\"wp-block-cover__image-background wp-image-207\" alt=\"\" src=\"https:\/\/medienerbe-ddr.de\/wp-content\/uploads\/2019\/02\/B5_Bild-1_kleiner.jpg\" data-object-fit=\"cover\" srcset=\"https:\/\/medienerbe-ddr.de\/wp-content\/uploads\/2019\/02\/B5_Bild-1_kleiner.jpg 1000w, https:\/\/medienerbe-ddr.de\/wp-content\/uploads\/2019\/02\/B5_Bild-1_kleiner-300x200.jpg 300w, https:\/\/medienerbe-ddr.de\/wp-content\/uploads\/2019\/02\/B5_Bild-1_kleiner-768x511.jpg 768w\" sizes=\"auto, (max-width: 1000px) 100vw, 1000px\" \/><span aria-hidden=\"true\" class=\"wp-block-cover__background has-background-dim-0 has-background-dim\"><\/span><div class=\"wp-block-cover__inner-container is-layout-flow wp-block-cover-is-layout-flow\">\n<p class=\"has-text-align-center has-white-color has-text-color has-large-font-size\">\u00a9 Dmitri Popov \/ Unsplash<\/p>\n<\/div><\/div>\n\n\n\n<p>Unmittelbar nach der Aufl\u00f6sung der DDR setzte eine andere, entscheidende mediengeschichtliche \u201eWende\u201c ein: Mit dem World Wide Web begann in den 1990er-Jahren eine neue Phase der Digitalisierung. Das Promotionsprojekt untersucht die Wechselwirkungen dieses doppelten Umbruchs nach 1989\/90. Im Zentrum steht dabei die Frage, wie die neuen Online-Medien und insbesondere Social Media die Entwicklung von Formen und Narrativen der DDR-Erinnerung bedingten. Wie machten sich verschiedene Erinnerungsakteur*innen das Internet mittels medialer Praktiken zu eigen? Analysiert wird der Wandel im Spektrum von fr\u00fchen Homepages bis zu Plattformen wie Facebook, Twitter und Instagram. Neben den Akteuren werden so allt\u00e4gliche Erinnerungsformen in Bereichen wie Familie, Popul\u00e4rkultur oder Protest untersucht.&nbsp;&nbsp;Das Promotionsprojekt st\u00fctzt sich dabei neben Archiv- und Pressequellen vor allem auf im&nbsp;<em>Internet Archive<\/em>&nbsp;archivierte Webseiten, Soziale Medien und Zeitzeug*inneninterviews.<\/p>\n\n\n\n<p><strong>Publikationen<\/strong><\/p>\n\n\n\n<ul class=\"wp-block-list\">\n<li>Lea Frese-Renner: \u201cFrom Krauschwitz into the White House\u201d: Internet Caf\u00e9s and the Post-Socialist Interconnection of East Germany in the 1990s and early 2000s. In: Jochen Hung (Hg.):\u00a0<em>German History. Special Issue \u201cEstablishing Compatibility\u201d<\/em>\u00a0(i.E.).<\/li>\n\n\n\n<li>Lea Frese-Renner: Making Sense of Postsocialism and Masculinity: Homepages of East German Men in the 1990s and 2000s. In: Anna Saunders, Caroline Summers (Hg.):\u00a0<em>East German Perspectives on Transformation after 1989: Experiencing, Remembering and Responding to Unification<\/em>\u00a0(i.E.).<\/li>\n\n\n\n<li>Lea Frese-Renner: Rezension zu: Ian Milligan: Averting the Digital Dark Age: How Archivists, Librarians, and Technologists Built the Web a Memory.\u00a0Baltimore 2024. In:\u00a0<em>H-Soz-Kult<\/em>\u00a0(i.E.).<\/li>\n\n\n\n<li>Lea Frese-Renner: Als das Internet Archive offline ging. In:\u00a0<em>Zeitgeschichte-online<\/em>, 01. November 2024,\u00a0<a href=\"https:\/\/zeitgeschichte-online.de\/themen\/als-das-internet-archive-offline-ging\">https:\/\/zeitgeschichte-online.de\/themen\/als-das-internet-archive-offline-ging<\/a><\/li>\n\n\n\n<li>Lea Frese-Renner: Rezension zu: Jos\u00e9 M. Faraldo, Carlos Sanz D\u00edaz (Hg.): La otra Alemania.\u00a0Espa\u00f1a y la Rep\u00fablica Democr\u00e1tica Alemana (1949\u20131990).\u00a0Albolote 2022. In:\u00a0<em>H-Soz-Kult<\/em>, 12.\u00a0September 2023,\u00a0<a href=\"https:\/\/www.hsozkult.de\/publicationreview\/id\/reb-131063\">https:\/\/www.hsozkult.de\/publicationreview\/id\/reb-131063<\/a><\/li>\n\n\n\n<li>Lea Frese-Renner: &#8222;Ich bin: Ossi&#8220;. Zu Ost-West-Debatten im fr\u00fchen World Wide Web. In: Marcus B\u00f6ick, Contantin Goschler, Ralph Jessen (Hg.): <em>Jahrbuch Deutsche Einheit 2023<\/em>, Berlin 2023, S. 185\u2013205.<\/li>\n\n\n\n<li>Lea Frese-Renner: Die DDR auf Youtube: Suchbewegungen mit zeithistorischer Perspektive. In: Kilian Baur, Robert Trautmannsberger (Hg.): <em>Klio hat jetzt Internet. Historische Narrative auf Youtube \u2013 Darstellung, Inszenierung, Aushandlung<\/em>, Berlin 2023, S. 13\u201336.<\/li>\n\n\n\n<li>Lea Frese-Renner: DDR-Erinnerung in der digitalen Gegenwart: Anmerkungen zum Topos \u201aDDR 2.0\u2018. In: <em>Denken ohne Gel\u00e4nder: Der Blog des Hannah-Arendt-Instituts f\u00fcr Totalitarismusforschung e.V.<\/em> (17.11.2021), <a href=\"https:\/\/haitblog.hypotheses.org\/2131\">https:\/\/haitblog.hypotheses.org\/2131<\/a><\/li>\n\n\n\n<li>Nils Theinert: \u201eWir waren gut beh\u00fctet\u201c. Die DDR in Sozialen Medien. In: <em>Zeitgeschichte Online<\/em> (25.05.2020), URL: <a href=\"https:\/\/zeitgeschichte-online.de\/node\/58117\">https:\/\/zeitgeschichte-online.de\/node\/58117<\/a><\/li>\n<\/ul>\n<\/div>\n<\/div>\n","protected":false},"excerpt":{"rendered":"<p>Projektleitung: Prof. Dr. Frank B\u00f6sch, Dr. Irmgard Z\u00fcndorf (ZZF)Bearbeitung: Nils Theinert (bis 29.02.2020), Lea Frese-Renner (ab 01.04.2020) Unmittelbar nach der Aufl\u00f6sung der DDR setzte eine andere, entscheidende mediengeschichtliche \u201eWende\u201c ein:&#8230; <a href=\"https:\/\/medienerbe-ddr.de\/index.php\/projekte-2\/medialisierte-erinnerungen-zwischen-diktatur-und-alltag-die-ddr-in-sozialen-medien\/\">Read more &raquo;<\/a><\/p>\n","protected":false},"author":4,"featured_media":0,"parent":6,"menu_order":200,"comment_status":"closed","ping_status":"closed","template":"page-templates\/full-width.php","meta":{"_acf_changed":false,"footnotes":""},"class_list":["post-895","page","type-page","status-publish","hentry"],"acf":[],"yoast_head":"<!-- This site is optimized with the Yoast SEO plugin v27.4 - https:\/\/yoast.com\/product\/yoast-seo-wordpress\/ -->\n<title>Erinnern im (medialen) Umbruch: Die DDR im Internet seit den 1990er Jahren - Das mediale Erbe der DDR<\/title>\n<meta name=\"robots\" content=\"index, follow, max-snippet:-1, max-image-preview:large, max-video-preview:-1\" \/>\n<link rel=\"canonical\" href=\"https:\/\/medienerbe-ddr.de\/index.php\/projekte-2\/medialisierte-erinnerungen-zwischen-diktatur-und-alltag-die-ddr-in-sozialen-medien\/\" \/>\n<meta property=\"og:locale\" content=\"de_DE\" \/>\n<meta property=\"og:type\" content=\"article\" \/>\n<meta property=\"og:title\" content=\"Erinnern im (medialen) Umbruch: Die DDR im Internet seit den 1990er Jahren - Das mediale Erbe der DDR\" \/>\n<meta property=\"og:description\" content=\"Projektleitung: Prof. Dr. Frank B\u00f6sch, Dr. Irmgard Z\u00fcndorf (ZZF)Bearbeitung: Nils Theinert (bis 29.02.2020), Lea Frese-Renner (ab 01.04.2020) Unmittelbar nach der Aufl\u00f6sung der DDR setzte eine andere, entscheidende mediengeschichtliche \u201eWende\u201c ein:... Read more &raquo;\" \/>\n<meta property=\"og:url\" content=\"https:\/\/medienerbe-ddr.de\/index.php\/projekte-2\/medialisierte-erinnerungen-zwischen-diktatur-und-alltag-die-ddr-in-sozialen-medien\/\" \/>\n<meta property=\"og:site_name\" content=\"Das mediale Erbe der DDR\" \/>\n<meta property=\"article:modified_time\" content=\"2025-10-01T07:29:12+00:00\" \/>\n<meta property=\"og:image\" content=\"https:\/\/medienerbe-ddr.de\/wp-content\/uploads\/2019\/02\/B5_Bild-1_kleiner.jpg\" \/>\n\t<meta property=\"og:image:width\" content=\"1000\" \/>\n\t<meta property=\"og:image:height\" content=\"665\" \/>\n\t<meta property=\"og:image:type\" content=\"image\/jpeg\" \/>\n<meta name=\"twitter:card\" content=\"summary_large_image\" \/>\n<meta name=\"twitter:label1\" content=\"Gesch\u00e4tzte Lesezeit\" \/>\n\t<meta name=\"twitter:data1\" content=\"3\u00a0Minuten\" \/>\n<script type=\"application\/ld+json\" class=\"yoast-schema-graph\">{\"@context\":\"https:\\\/\\\/schema.org\",\"@graph\":[{\"@type\":\"WebPage\",\"@id\":\"https:\\\/\\\/medienerbe-ddr.de\\\/index.php\\\/projekte-2\\\/medialisierte-erinnerungen-zwischen-diktatur-und-alltag-die-ddr-in-sozialen-medien\\\/\",\"url\":\"https:\\\/\\\/medienerbe-ddr.de\\\/index.php\\\/projekte-2\\\/medialisierte-erinnerungen-zwischen-diktatur-und-alltag-die-ddr-in-sozialen-medien\\\/\",\"name\":\"Erinnern im (medialen) Umbruch: Die DDR im Internet seit den 1990er Jahren - Das mediale Erbe der DDR\",\"isPartOf\":{\"@id\":\"https:\\\/\\\/medienerbe-ddr.de\\\/#website\"},\"primaryImageOfPage\":{\"@id\":\"https:\\\/\\\/medienerbe-ddr.de\\\/index.php\\\/projekte-2\\\/medialisierte-erinnerungen-zwischen-diktatur-und-alltag-die-ddr-in-sozialen-medien\\\/#primaryimage\"},\"image\":{\"@id\":\"https:\\\/\\\/medienerbe-ddr.de\\\/index.php\\\/projekte-2\\\/medialisierte-erinnerungen-zwischen-diktatur-und-alltag-die-ddr-in-sozialen-medien\\\/#primaryimage\"},\"thumbnailUrl\":\"https:\\\/\\\/medienerbe-ddr.de\\\/wp-content\\\/uploads\\\/2019\\\/02\\\/B5_Bild-1_kleiner.jpg\",\"datePublished\":\"2019-04-03T08:33:10+00:00\",\"dateModified\":\"2025-10-01T07:29:12+00:00\",\"breadcrumb\":{\"@id\":\"https:\\\/\\\/medienerbe-ddr.de\\\/index.php\\\/projekte-2\\\/medialisierte-erinnerungen-zwischen-diktatur-und-alltag-die-ddr-in-sozialen-medien\\\/#breadcrumb\"},\"inLanguage\":\"de\",\"potentialAction\":[{\"@type\":\"ReadAction\",\"target\":[\"https:\\\/\\\/medienerbe-ddr.de\\\/index.php\\\/projekte-2\\\/medialisierte-erinnerungen-zwischen-diktatur-und-alltag-die-ddr-in-sozialen-medien\\\/\"]}]},{\"@type\":\"ImageObject\",\"inLanguage\":\"de\",\"@id\":\"https:\\\/\\\/medienerbe-ddr.de\\\/index.php\\\/projekte-2\\\/medialisierte-erinnerungen-zwischen-diktatur-und-alltag-die-ddr-in-sozialen-medien\\\/#primaryimage\",\"url\":\"https:\\\/\\\/medienerbe-ddr.de\\\/wp-content\\\/uploads\\\/2019\\\/02\\\/B5_Bild-1_kleiner.jpg\",\"contentUrl\":\"https:\\\/\\\/medienerbe-ddr.de\\\/wp-content\\\/uploads\\\/2019\\\/02\\\/B5_Bild-1_kleiner.jpg\",\"width\":1000,\"height\":665},{\"@type\":\"BreadcrumbList\",\"@id\":\"https:\\\/\\\/medienerbe-ddr.de\\\/index.php\\\/projekte-2\\\/medialisierte-erinnerungen-zwischen-diktatur-und-alltag-die-ddr-in-sozialen-medien\\\/#breadcrumb\",\"itemListElement\":[{\"@type\":\"ListItem\",\"position\":1,\"name\":\"Startseite\",\"item\":\"https:\\\/\\\/medienerbe-ddr.de\\\/\"},{\"@type\":\"ListItem\",\"position\":2,\"name\":\"Projekte 2019 \u2013 2023\",\"item\":\"https:\\\/\\\/medienerbe-ddr.de\\\/index.php\\\/projekte-2\\\/\"},{\"@type\":\"ListItem\",\"position\":3,\"name\":\"Erinnern im (medialen) Umbruch: Die DDR im Internet seit den 1990er Jahren\"}]},{\"@type\":\"WebSite\",\"@id\":\"https:\\\/\\\/medienerbe-ddr.de\\\/#website\",\"url\":\"https:\\\/\\\/medienerbe-ddr.de\\\/\",\"name\":\"Das mediale Erbe der DDR\",\"description\":\"Akteure, Aneignung, Tradierung\",\"publisher\":{\"@id\":\"https:\\\/\\\/medienerbe-ddr.de\\\/#organization\"},\"potentialAction\":[{\"@type\":\"SearchAction\",\"target\":{\"@type\":\"EntryPoint\",\"urlTemplate\":\"https:\\\/\\\/medienerbe-ddr.de\\\/?s={search_term_string}\"},\"query-input\":{\"@type\":\"PropertyValueSpecification\",\"valueRequired\":true,\"valueName\":\"search_term_string\"}}],\"inLanguage\":\"de\"},{\"@type\":\"Organization\",\"@id\":\"https:\\\/\\\/medienerbe-ddr.de\\\/#organization\",\"name\":\"Forschungsverbund Das mediale Erbe der DDR\",\"url\":\"https:\\\/\\\/medienerbe-ddr.de\\\/\",\"logo\":{\"@type\":\"ImageObject\",\"inLanguage\":\"de\",\"@id\":\"https:\\\/\\\/medienerbe-ddr.de\\\/#\\\/schema\\\/logo\\\/image\\\/\",\"url\":\"https:\\\/\\\/medienerbe-ddr.de\\\/wp-content\\\/uploads\\\/2019\\\/03\\\/LogoDDR_27mm-hg-weiss.png\",\"contentUrl\":\"https:\\\/\\\/medienerbe-ddr.de\\\/wp-content\\\/uploads\\\/2019\\\/03\\\/LogoDDR_27mm-hg-weiss.png\",\"width\":319,\"height\":305,\"caption\":\"Forschungsverbund Das mediale Erbe der DDR\"},\"image\":{\"@id\":\"https:\\\/\\\/medienerbe-ddr.de\\\/#\\\/schema\\\/logo\\\/image\\\/\"}}]}<\/script>\n<!-- \/ Yoast SEO plugin. -->","yoast_head_json":{"title":"Erinnern im (medialen) Umbruch: Die DDR im Internet seit den 1990er Jahren - Das mediale Erbe der DDR","robots":{"index":"index","follow":"follow","max-snippet":"max-snippet:-1","max-image-preview":"max-image-preview:large","max-video-preview":"max-video-preview:-1"},"canonical":"https:\/\/medienerbe-ddr.de\/index.php\/projekte-2\/medialisierte-erinnerungen-zwischen-diktatur-und-alltag-die-ddr-in-sozialen-medien\/","og_locale":"de_DE","og_type":"article","og_title":"Erinnern im (medialen) Umbruch: Die DDR im Internet seit den 1990er Jahren - Das mediale Erbe der DDR","og_description":"Projektleitung: Prof. Dr. Frank B\u00f6sch, Dr. Irmgard Z\u00fcndorf (ZZF)Bearbeitung: Nils Theinert (bis 29.02.2020), Lea Frese-Renner (ab 01.04.2020) Unmittelbar nach der Aufl\u00f6sung der DDR setzte eine andere, entscheidende mediengeschichtliche \u201eWende\u201c ein:... Read more &raquo;","og_url":"https:\/\/medienerbe-ddr.de\/index.php\/projekte-2\/medialisierte-erinnerungen-zwischen-diktatur-und-alltag-die-ddr-in-sozialen-medien\/","og_site_name":"Das mediale Erbe der DDR","article_modified_time":"2025-10-01T07:29:12+00:00","og_image":[{"width":1000,"height":665,"url":"https:\/\/medienerbe-ddr.de\/wp-content\/uploads\/2019\/02\/B5_Bild-1_kleiner.jpg","type":"image\/jpeg"}],"twitter_card":"summary_large_image","twitter_misc":{"Gesch\u00e4tzte Lesezeit":"3\u00a0Minuten"},"schema":{"@context":"https:\/\/schema.org","@graph":[{"@type":"WebPage","@id":"https:\/\/medienerbe-ddr.de\/index.php\/projekte-2\/medialisierte-erinnerungen-zwischen-diktatur-und-alltag-die-ddr-in-sozialen-medien\/","url":"https:\/\/medienerbe-ddr.de\/index.php\/projekte-2\/medialisierte-erinnerungen-zwischen-diktatur-und-alltag-die-ddr-in-sozialen-medien\/","name":"Erinnern im (medialen) Umbruch: Die DDR im Internet seit den 1990er Jahren - Das mediale Erbe der DDR","isPartOf":{"@id":"https:\/\/medienerbe-ddr.de\/#website"},"primaryImageOfPage":{"@id":"https:\/\/medienerbe-ddr.de\/index.php\/projekte-2\/medialisierte-erinnerungen-zwischen-diktatur-und-alltag-die-ddr-in-sozialen-medien\/#primaryimage"},"image":{"@id":"https:\/\/medienerbe-ddr.de\/index.php\/projekte-2\/medialisierte-erinnerungen-zwischen-diktatur-und-alltag-die-ddr-in-sozialen-medien\/#primaryimage"},"thumbnailUrl":"https:\/\/medienerbe-ddr.de\/wp-content\/uploads\/2019\/02\/B5_Bild-1_kleiner.jpg","datePublished":"2019-04-03T08:33:10+00:00","dateModified":"2025-10-01T07:29:12+00:00","breadcrumb":{"@id":"https:\/\/medienerbe-ddr.de\/index.php\/projekte-2\/medialisierte-erinnerungen-zwischen-diktatur-und-alltag-die-ddr-in-sozialen-medien\/#breadcrumb"},"inLanguage":"de","potentialAction":[{"@type":"ReadAction","target":["https:\/\/medienerbe-ddr.de\/index.php\/projekte-2\/medialisierte-erinnerungen-zwischen-diktatur-und-alltag-die-ddr-in-sozialen-medien\/"]}]},{"@type":"ImageObject","inLanguage":"de","@id":"https:\/\/medienerbe-ddr.de\/index.php\/projekte-2\/medialisierte-erinnerungen-zwischen-diktatur-und-alltag-die-ddr-in-sozialen-medien\/#primaryimage","url":"https:\/\/medienerbe-ddr.de\/wp-content\/uploads\/2019\/02\/B5_Bild-1_kleiner.jpg","contentUrl":"https:\/\/medienerbe-ddr.de\/wp-content\/uploads\/2019\/02\/B5_Bild-1_kleiner.jpg","width":1000,"height":665},{"@type":"BreadcrumbList","@id":"https:\/\/medienerbe-ddr.de\/index.php\/projekte-2\/medialisierte-erinnerungen-zwischen-diktatur-und-alltag-die-ddr-in-sozialen-medien\/#breadcrumb","itemListElement":[{"@type":"ListItem","position":1,"name":"Startseite","item":"https:\/\/medienerbe-ddr.de\/"},{"@type":"ListItem","position":2,"name":"Projekte 2019 \u2013 2023","item":"https:\/\/medienerbe-ddr.de\/index.php\/projekte-2\/"},{"@type":"ListItem","position":3,"name":"Erinnern im (medialen) Umbruch: Die DDR im Internet seit den 1990er Jahren"}]},{"@type":"WebSite","@id":"https:\/\/medienerbe-ddr.de\/#website","url":"https:\/\/medienerbe-ddr.de\/","name":"Das mediale Erbe der DDR","description":"Akteure, Aneignung, Tradierung","publisher":{"@id":"https:\/\/medienerbe-ddr.de\/#organization"},"potentialAction":[{"@type":"SearchAction","target":{"@type":"EntryPoint","urlTemplate":"https:\/\/medienerbe-ddr.de\/?s={search_term_string}"},"query-input":{"@type":"PropertyValueSpecification","valueRequired":true,"valueName":"search_term_string"}}],"inLanguage":"de"},{"@type":"Organization","@id":"https:\/\/medienerbe-ddr.de\/#organization","name":"Forschungsverbund Das mediale Erbe der DDR","url":"https:\/\/medienerbe-ddr.de\/","logo":{"@type":"ImageObject","inLanguage":"de","@id":"https:\/\/medienerbe-ddr.de\/#\/schema\/logo\/image\/","url":"https:\/\/medienerbe-ddr.de\/wp-content\/uploads\/2019\/03\/LogoDDR_27mm-hg-weiss.png","contentUrl":"https:\/\/medienerbe-ddr.de\/wp-content\/uploads\/2019\/03\/LogoDDR_27mm-hg-weiss.png","width":319,"height":305,"caption":"Forschungsverbund Das mediale Erbe der DDR"},"image":{"@id":"https:\/\/medienerbe-ddr.de\/#\/schema\/logo\/image\/"}}]}},"_links":{"self":[{"href":"https:\/\/medienerbe-ddr.de\/index.php\/wp-json\/wp\/v2\/pages\/895","targetHints":{"allow":["GET"]}}],"collection":[{"href":"https:\/\/medienerbe-ddr.de\/index.php\/wp-json\/wp\/v2\/pages"}],"about":[{"href":"https:\/\/medienerbe-ddr.de\/index.php\/wp-json\/wp\/v2\/types\/page"}],"author":[{"embeddable":true,"href":"https:\/\/medienerbe-ddr.de\/index.php\/wp-json\/wp\/v2\/users\/4"}],"replies":[{"embeddable":true,"href":"https:\/\/medienerbe-ddr.de\/index.php\/wp-json\/wp\/v2\/comments?post=895"}],"version-history":[{"count":7,"href":"https:\/\/medienerbe-ddr.de\/index.php\/wp-json\/wp\/v2\/pages\/895\/revisions"}],"predecessor-version":[{"id":1737,"href":"https:\/\/medienerbe-ddr.de\/index.php\/wp-json\/wp\/v2\/pages\/895\/revisions\/1737"}],"up":[{"embeddable":true,"href":"https:\/\/medienerbe-ddr.de\/index.php\/wp-json\/wp\/v2\/pages\/6"}],"wp:attachment":[{"href":"https:\/\/medienerbe-ddr.de\/index.php\/wp-json\/wp\/v2\/media?parent=895"}],"curies":[{"name":"wp","href":"https:\/\/api.w.org\/{rel}","templated":true}]}}