{"id":886,"date":"2019-04-03T09:08:23","date_gmt":"2019-04-03T08:08:23","guid":{"rendered":"http:\/\/medienerbe-ddr.de\/?page_id=886"},"modified":"2025-10-01T08:59:22","modified_gmt":"2025-10-01T07:59:22","slug":"die-transformation-von-fernsehen-und-lebenswelt-in-ostdeutschland","status":"publish","type":"page","link":"https:\/\/medienerbe-ddr.de\/index.php\/projekte-2\/die-transformation-von-fernsehen-und-lebenswelt-in-ostdeutschland\/","title":{"rendered":"Die Transformation von Fernsehen und Lebenswelt in Ostdeutschland"},"content":{"rendered":"\n<p><em>Projektleitung: Prof. Dr. Frank B\u00f6sch, Dr. Christoph Classen (ZZF)<br>Bearbeitung: Dr. Peter Ulrich Wei\u00df (bis 31.10.2020), Nikolai Okunew (ab 01.11.2020)<\/em><\/p>\n\n\n\n<div class=\"wp-block-columns has-2-columns is-layout-flex wp-container-core-columns-is-layout-9d6595d7 wp-block-columns-is-layout-flex\">\n<div class=\"wp-block-column is-layout-flow wp-block-column-is-layout-flow\">\n<div class=\"wp-block-cover aligncenter is-light has-custom-content-position is-position-bottom-right\"><img loading=\"lazy\" decoding=\"async\" width=\"3600\" height=\"2400\" class=\"wp-block-cover__image-background wp-image-710\" alt=\"\" src=\"https:\/\/medienerbe-ddr.de\/wp-content\/uploads\/2019\/03\/A2_original.jpg\" data-object-fit=\"cover\" srcset=\"https:\/\/medienerbe-ddr.de\/wp-content\/uploads\/2019\/03\/A2_original.jpg 3600w, https:\/\/medienerbe-ddr.de\/wp-content\/uploads\/2019\/03\/A2_original-300x200.jpg 300w, https:\/\/medienerbe-ddr.de\/wp-content\/uploads\/2019\/03\/A2_original-768x512.jpg 768w, https:\/\/medienerbe-ddr.de\/wp-content\/uploads\/2019\/03\/A2_original-1024x683.jpg 1024w, https:\/\/medienerbe-ddr.de\/wp-content\/uploads\/2019\/03\/A2_original-624x416.jpg 624w\" sizes=\"auto, (max-width: 3600px) 100vw, 3600px\" \/><span aria-hidden=\"true\" class=\"wp-block-cover__background has-background-dim-0 has-background-dim\"><\/span><div class=\"wp-block-cover__inner-container is-layout-flow wp-block-cover-is-layout-flow\">\n<p class=\"has-text-align-center has-white-color has-text-color has-large-font-size\">\u00a9&nbsp;<a href=\"https:\/\/www.photocase.de\/user.asp?u=350932\" target=\"_blank\" rel=\"noreferrer noopener\">Funkenschlag<\/a>&nbsp;\/&nbsp;<a href=\"https:\/\/www.photocase.de\/fotos\/1849418-mediale-zeitgeschichte-alt-wand-holz-braun-wohnung-dreckig-photocase-stock-foto\" target=\"_blank\" rel=\"noreferrer noopener\">Photocase<\/a><\/p>\n<\/div><\/div>\n\n\n\n<p>Mit dem Ende des DDR-Fernsehens\nverschwanden bekannte Sendungen und Gesichter von den ostdeutschen\nBildschirmen, was ein Teil der Zuschauer als \u201eKolonisierung\u201c und Eingriff in\nihre Lebenswelt wahrnahm. Zugleich entstanden mit dem MDR und ORB neue Regionalprogramme,\ndie seit 1992 sowohl eine vertraute Anschlusskommunikation herzustellen suchten\nals auch neue Formate ausprobierten. Dabei standen die Fernsehmacher vor der\nHerausforderung, in ihren Senderegionen kommerziell konkurrenzf\u00e4hige\nIdentifikationsangebote f\u00fcr ein Publikum zu entwickeln, das inmitten einer\nradikalen gesellschaftlichen Umw\u00e4lzung um politische und kulturelle\nOrientierung rang. <\/p>\n\n\n\n<p>Anhand\neiner Programm- und Mediennutzeranalyse f\u00fcr den Zeitraum bis Mitte der 2000er\nJahre untersucht das Projekt, wie die Dritten Programme ORB und MDR sowie\nausgew\u00e4hlte Lokalfernsehsender den tiefgreifenden Gesellschaftswandel\nbegleiteten. Zugleich wird nach dem Beitrag gefragt, den die Fernsehmedien\nselbst zur Transformation der Lebenswelt in den neuen Bundesl\u00e4ndern leisteten.<\/p>\n\n\n\n<p><strong>Publikationen<\/strong><\/p>\n\n\n\n<p><img loading=\"lazy\" decoding=\"async\" width=\"150\" height=\"237\" class=\"wp-image-1287\" style=\"width: 150px;\" src=\"https:\/\/medienerbe-ddr.de\/wp-content\/uploads\/2022\/01\/1989_Cover.png\" alt=\"\" srcset=\"https:\/\/medienerbe-ddr.de\/wp-content\/uploads\/2022\/01\/1989_Cover.png 350w, https:\/\/medienerbe-ddr.de\/wp-content\/uploads\/2022\/01\/1989_Cover-190x300.png 190w\" sizes=\"auto, (max-width: 150px) 100vw, 150px\" \/><\/p>\n\n\n\n<ul class=\"wp-block-list\">\n<li>Peter-Ulrich Wei\u00df, Nikolai Okunew: Der Osten auf der Mattscheibe: DDR-Bez\u00fcge und Transformationserfahrungen im Fernsehen des ORB\/RBB. In: Peter-Ulrich Wei\u00df, Irmgard Z\u00fcndorf, Florentine Schmidtmann (Hg.):&nbsp;<em>Umstrittene Umbr\u00fcche. Das Ende der SED-Diktatur und die Transformationszeit in Brandenburg<\/em>, Berlin 2024, S. 237\u2013262.<\/li>\n\n\n\n<li>Frank B\u00f6sch: East German Media in a Changing Society: Press, Music Culture and Regional Identity after 1990. In: Ravi Vasudevan (Hg.): <em>Media and the Constitution of the Political<\/em>, New Dehli 2022, S. 51\u201370.<\/li>\n\n\n\n<li>Frank B\u00f6sch: Perspektiven der Mediengeschichte im digitalen Zeitalter. In: <em>Jahrbuch f\u00fcr Kommunikationsgeschichte 23<\/em> (2021), S. 32\u201343.<\/li>\n\n\n\n<li>Martin Sabrow, Tilmann Siebeneichner, Peter Ulrich Wei\u00df (Hg.): <em>1989 \u2013 Eine Epochenz\u00e4sur? <\/em>G\u00f6ttingen 2021.<\/li>\n\n\n\n<li>Frank B\u00f6sch: Ostdeutsche Medien im gesellschaftlichen Wandel. Presse, Musikkultur und regionale Identit\u00e4t nach 1990. In: <em>Jahrbuch Deutsche Einheit 2020<\/em> (2020), S. 333\u2013349.<\/li>\n\n\n\n<li>Peter Ulrich Wei\u00df: Medienerbe Ost. Der Umbruch im ostdeutschen Fernsehen und seine Folgen. In: Martin Sabrow, Tilmann Siebeneichner, Peter Ulrich Wei\u00df (Hg.): <em>1989 \u2013 Eine Epochenz\u00e4sur?<\/em>, G\u00f6ttingen 2021, S. 249\u2013271.<\/li>\n\n\n\n<li>Peter Ulrich Wei\u00df: Die \u00fcbergangene Profession. Historiker zu Gast bei G\u00fcnter Gaus. In: Frank B\u00f6sch, Stefanie Eisenhuth, Hanno Hochmuth, Irmgard Z\u00fcndorf (Hrsg.): <em><a href=\"https:\/\/www.wallstein-verlag.de\/9783835350328-public-historians.html\" target=\"_blank\" rel=\"noreferrer noopener\">Public Historians.<\/a> Zeithistorische Interventionen nach 1945<\/em>, G\u00f6ttingen 2021, S. 225-237.<\/li>\n\n\n\n<li>Peter Ulrich Wei\u00df: Showtime. Die DDR als mediales Erbe im TV. In: <em>Zeitgeschichte Online<\/em> (25.05.2020), URL: <a href=\"https:\/\/zeitgeschichte-online.de\/themen\/showtime\">https:\/\/zeitgeschichte-online.de\/themen\/showtime<\/a><\/li>\n\n\n\n<li>Peter Ulrich Wei\u00df: MDR 360 Grad im Gespr\u00e4ch mit Dr. Peter Ulrich Wei\u00df (Interview). <a aria-label=\"MDR 360 Grad Medien (\u00f6ffnet in neuem Tab)\" href=\"https:\/\/www.mdr.de\/medien360g\/medienpolitik\/interview-peter-ulrich-weiss-104.html\" target=\"_blank\" rel=\"noreferrer noopener\">MDR 360 Grad Medien<\/a> (2019, 22. November), verf\u00fcgbar unter <a href=\"https:\/\/www.mdr.de\/medien360g\/medienpolitik\/interview-peter-ulrich-weiss-104.html\" target=\"_blank\" rel=\"noreferrer noopener\">https:\/\/www.mdr.de\/medien360g\/medienpolitik\/interview-peter-ulrich-weiss-104.html<\/a>.<\/li>\n<\/ul>\n<\/div>\n<\/div>\n","protected":false},"excerpt":{"rendered":"<p>Projektleitung: Prof. Dr. Frank B\u00f6sch, Dr. Christoph Classen (ZZF)Bearbeitung: Dr. Peter Ulrich Wei\u00df (bis 31.10.2020), Nikolai Okunew (ab 01.11.2020) Mit dem Ende des DDR-Fernsehens verschwanden bekannte Sendungen und Gesichter von&#8230; <a href=\"https:\/\/medienerbe-ddr.de\/index.php\/projekte-2\/die-transformation-von-fernsehen-und-lebenswelt-in-ostdeutschland\/\">Read more &raquo;<\/a><\/p>\n","protected":false},"author":4,"featured_media":0,"parent":6,"menu_order":200,"comment_status":"closed","ping_status":"closed","template":"page-templates\/full-width.php","meta":{"_acf_changed":false,"footnotes":""},"class_list":["post-886","page","type-page","status-publish","hentry"],"acf":[],"yoast_head":"<!-- This site is optimized with the Yoast SEO plugin v27.4 - https:\/\/yoast.com\/product\/yoast-seo-wordpress\/ -->\n<title>Die Transformation von Fernsehen und Lebenswelt in Ostdeutschland - Das mediale Erbe der DDR<\/title>\n<meta name=\"robots\" content=\"index, follow, max-snippet:-1, max-image-preview:large, max-video-preview:-1\" \/>\n<link rel=\"canonical\" href=\"https:\/\/medienerbe-ddr.de\/index.php\/projekte-2\/die-transformation-von-fernsehen-und-lebenswelt-in-ostdeutschland\/\" \/>\n<meta property=\"og:locale\" content=\"de_DE\" \/>\n<meta property=\"og:type\" content=\"article\" \/>\n<meta property=\"og:title\" content=\"Die Transformation von Fernsehen und Lebenswelt in Ostdeutschland - Das mediale Erbe der DDR\" \/>\n<meta property=\"og:description\" content=\"Projektleitung: Prof. Dr. Frank B\u00f6sch, Dr. Christoph Classen (ZZF)Bearbeitung: Dr. Peter Ulrich Wei\u00df (bis 31.10.2020), Nikolai Okunew (ab 01.11.2020) Mit dem Ende des DDR-Fernsehens verschwanden bekannte Sendungen und Gesichter von... Read more &raquo;\" \/>\n<meta property=\"og:url\" content=\"https:\/\/medienerbe-ddr.de\/index.php\/projekte-2\/die-transformation-von-fernsehen-und-lebenswelt-in-ostdeutschland\/\" \/>\n<meta property=\"og:site_name\" content=\"Das mediale Erbe der DDR\" \/>\n<meta property=\"article:modified_time\" content=\"2025-10-01T07:59:22+00:00\" \/>\n<meta property=\"og:image\" content=\"https:\/\/medienerbe-ddr.de\/wp-content\/uploads\/2019\/03\/A2_original-1024x683.jpg\" \/>\n\t<meta property=\"og:image:width\" content=\"1024\" \/>\n\t<meta property=\"og:image:height\" content=\"683\" \/>\n\t<meta property=\"og:image:type\" content=\"image\/jpeg\" \/>\n<meta name=\"twitter:card\" content=\"summary_large_image\" \/>\n<meta name=\"twitter:label1\" content=\"Gesch\u00e4tzte Lesezeit\" \/>\n\t<meta name=\"twitter:data1\" content=\"3\u00a0Minuten\" \/>\n<script type=\"application\/ld+json\" class=\"yoast-schema-graph\">{\"@context\":\"https:\\\/\\\/schema.org\",\"@graph\":[{\"@type\":\"WebPage\",\"@id\":\"https:\\\/\\\/medienerbe-ddr.de\\\/index.php\\\/projekte-2\\\/die-transformation-von-fernsehen-und-lebenswelt-in-ostdeutschland\\\/\",\"url\":\"https:\\\/\\\/medienerbe-ddr.de\\\/index.php\\\/projekte-2\\\/die-transformation-von-fernsehen-und-lebenswelt-in-ostdeutschland\\\/\",\"name\":\"Die Transformation von Fernsehen und Lebenswelt in Ostdeutschland - Das mediale Erbe der DDR\",\"isPartOf\":{\"@id\":\"https:\\\/\\\/medienerbe-ddr.de\\\/#website\"},\"primaryImageOfPage\":{\"@id\":\"https:\\\/\\\/medienerbe-ddr.de\\\/index.php\\\/projekte-2\\\/die-transformation-von-fernsehen-und-lebenswelt-in-ostdeutschland\\\/#primaryimage\"},\"image\":{\"@id\":\"https:\\\/\\\/medienerbe-ddr.de\\\/index.php\\\/projekte-2\\\/die-transformation-von-fernsehen-und-lebenswelt-in-ostdeutschland\\\/#primaryimage\"},\"thumbnailUrl\":\"https:\\\/\\\/medienerbe-ddr.de\\\/wp-content\\\/uploads\\\/2019\\\/03\\\/A2_original.jpg\",\"datePublished\":\"2019-04-03T08:08:23+00:00\",\"dateModified\":\"2025-10-01T07:59:22+00:00\",\"breadcrumb\":{\"@id\":\"https:\\\/\\\/medienerbe-ddr.de\\\/index.php\\\/projekte-2\\\/die-transformation-von-fernsehen-und-lebenswelt-in-ostdeutschland\\\/#breadcrumb\"},\"inLanguage\":\"de\",\"potentialAction\":[{\"@type\":\"ReadAction\",\"target\":[\"https:\\\/\\\/medienerbe-ddr.de\\\/index.php\\\/projekte-2\\\/die-transformation-von-fernsehen-und-lebenswelt-in-ostdeutschland\\\/\"]}]},{\"@type\":\"ImageObject\",\"inLanguage\":\"de\",\"@id\":\"https:\\\/\\\/medienerbe-ddr.de\\\/index.php\\\/projekte-2\\\/die-transformation-von-fernsehen-und-lebenswelt-in-ostdeutschland\\\/#primaryimage\",\"url\":\"https:\\\/\\\/medienerbe-ddr.de\\\/wp-content\\\/uploads\\\/2019\\\/03\\\/A2_original.jpg\",\"contentUrl\":\"https:\\\/\\\/medienerbe-ddr.de\\\/wp-content\\\/uploads\\\/2019\\\/03\\\/A2_original.jpg\",\"width\":3600,\"height\":2400,\"caption\":\"Fernsehen und Lebenswelt\"},{\"@type\":\"BreadcrumbList\",\"@id\":\"https:\\\/\\\/medienerbe-ddr.de\\\/index.php\\\/projekte-2\\\/die-transformation-von-fernsehen-und-lebenswelt-in-ostdeutschland\\\/#breadcrumb\",\"itemListElement\":[{\"@type\":\"ListItem\",\"position\":1,\"name\":\"Startseite\",\"item\":\"https:\\\/\\\/medienerbe-ddr.de\\\/\"},{\"@type\":\"ListItem\",\"position\":2,\"name\":\"Projekte 2019 \u2013 2023\",\"item\":\"https:\\\/\\\/medienerbe-ddr.de\\\/index.php\\\/projekte-2\\\/\"},{\"@type\":\"ListItem\",\"position\":3,\"name\":\"Die Transformation von Fernsehen und Lebenswelt in Ostdeutschland\"}]},{\"@type\":\"WebSite\",\"@id\":\"https:\\\/\\\/medienerbe-ddr.de\\\/#website\",\"url\":\"https:\\\/\\\/medienerbe-ddr.de\\\/\",\"name\":\"Das mediale Erbe der DDR\",\"description\":\"Akteure, Aneignung, Tradierung\",\"publisher\":{\"@id\":\"https:\\\/\\\/medienerbe-ddr.de\\\/#organization\"},\"potentialAction\":[{\"@type\":\"SearchAction\",\"target\":{\"@type\":\"EntryPoint\",\"urlTemplate\":\"https:\\\/\\\/medienerbe-ddr.de\\\/?s={search_term_string}\"},\"query-input\":{\"@type\":\"PropertyValueSpecification\",\"valueRequired\":true,\"valueName\":\"search_term_string\"}}],\"inLanguage\":\"de\"},{\"@type\":\"Organization\",\"@id\":\"https:\\\/\\\/medienerbe-ddr.de\\\/#organization\",\"name\":\"Forschungsverbund Das mediale Erbe der DDR\",\"url\":\"https:\\\/\\\/medienerbe-ddr.de\\\/\",\"logo\":{\"@type\":\"ImageObject\",\"inLanguage\":\"de\",\"@id\":\"https:\\\/\\\/medienerbe-ddr.de\\\/#\\\/schema\\\/logo\\\/image\\\/\",\"url\":\"https:\\\/\\\/medienerbe-ddr.de\\\/wp-content\\\/uploads\\\/2019\\\/03\\\/LogoDDR_27mm-hg-weiss.png\",\"contentUrl\":\"https:\\\/\\\/medienerbe-ddr.de\\\/wp-content\\\/uploads\\\/2019\\\/03\\\/LogoDDR_27mm-hg-weiss.png\",\"width\":319,\"height\":305,\"caption\":\"Forschungsverbund Das mediale Erbe der DDR\"},\"image\":{\"@id\":\"https:\\\/\\\/medienerbe-ddr.de\\\/#\\\/schema\\\/logo\\\/image\\\/\"}}]}<\/script>\n<!-- \/ Yoast SEO plugin. -->","yoast_head_json":{"title":"Die Transformation von Fernsehen und Lebenswelt in Ostdeutschland - Das mediale Erbe der DDR","robots":{"index":"index","follow":"follow","max-snippet":"max-snippet:-1","max-image-preview":"max-image-preview:large","max-video-preview":"max-video-preview:-1"},"canonical":"https:\/\/medienerbe-ddr.de\/index.php\/projekte-2\/die-transformation-von-fernsehen-und-lebenswelt-in-ostdeutschland\/","og_locale":"de_DE","og_type":"article","og_title":"Die Transformation von Fernsehen und Lebenswelt in Ostdeutschland - Das mediale Erbe der DDR","og_description":"Projektleitung: Prof. Dr. Frank B\u00f6sch, Dr. Christoph Classen (ZZF)Bearbeitung: Dr. Peter Ulrich Wei\u00df (bis 31.10.2020), Nikolai Okunew (ab 01.11.2020) Mit dem Ende des DDR-Fernsehens verschwanden bekannte Sendungen und Gesichter von... Read more &raquo;","og_url":"https:\/\/medienerbe-ddr.de\/index.php\/projekte-2\/die-transformation-von-fernsehen-und-lebenswelt-in-ostdeutschland\/","og_site_name":"Das mediale Erbe der DDR","article_modified_time":"2025-10-01T07:59:22+00:00","og_image":[{"width":1024,"height":683,"url":"https:\/\/medienerbe-ddr.de\/wp-content\/uploads\/2019\/03\/A2_original-1024x683.jpg","type":"image\/jpeg"}],"twitter_card":"summary_large_image","twitter_misc":{"Gesch\u00e4tzte Lesezeit":"3\u00a0Minuten"},"schema":{"@context":"https:\/\/schema.org","@graph":[{"@type":"WebPage","@id":"https:\/\/medienerbe-ddr.de\/index.php\/projekte-2\/die-transformation-von-fernsehen-und-lebenswelt-in-ostdeutschland\/","url":"https:\/\/medienerbe-ddr.de\/index.php\/projekte-2\/die-transformation-von-fernsehen-und-lebenswelt-in-ostdeutschland\/","name":"Die Transformation von Fernsehen und Lebenswelt in Ostdeutschland - Das mediale Erbe der DDR","isPartOf":{"@id":"https:\/\/medienerbe-ddr.de\/#website"},"primaryImageOfPage":{"@id":"https:\/\/medienerbe-ddr.de\/index.php\/projekte-2\/die-transformation-von-fernsehen-und-lebenswelt-in-ostdeutschland\/#primaryimage"},"image":{"@id":"https:\/\/medienerbe-ddr.de\/index.php\/projekte-2\/die-transformation-von-fernsehen-und-lebenswelt-in-ostdeutschland\/#primaryimage"},"thumbnailUrl":"https:\/\/medienerbe-ddr.de\/wp-content\/uploads\/2019\/03\/A2_original.jpg","datePublished":"2019-04-03T08:08:23+00:00","dateModified":"2025-10-01T07:59:22+00:00","breadcrumb":{"@id":"https:\/\/medienerbe-ddr.de\/index.php\/projekte-2\/die-transformation-von-fernsehen-und-lebenswelt-in-ostdeutschland\/#breadcrumb"},"inLanguage":"de","potentialAction":[{"@type":"ReadAction","target":["https:\/\/medienerbe-ddr.de\/index.php\/projekte-2\/die-transformation-von-fernsehen-und-lebenswelt-in-ostdeutschland\/"]}]},{"@type":"ImageObject","inLanguage":"de","@id":"https:\/\/medienerbe-ddr.de\/index.php\/projekte-2\/die-transformation-von-fernsehen-und-lebenswelt-in-ostdeutschland\/#primaryimage","url":"https:\/\/medienerbe-ddr.de\/wp-content\/uploads\/2019\/03\/A2_original.jpg","contentUrl":"https:\/\/medienerbe-ddr.de\/wp-content\/uploads\/2019\/03\/A2_original.jpg","width":3600,"height":2400,"caption":"Fernsehen und Lebenswelt"},{"@type":"BreadcrumbList","@id":"https:\/\/medienerbe-ddr.de\/index.php\/projekte-2\/die-transformation-von-fernsehen-und-lebenswelt-in-ostdeutschland\/#breadcrumb","itemListElement":[{"@type":"ListItem","position":1,"name":"Startseite","item":"https:\/\/medienerbe-ddr.de\/"},{"@type":"ListItem","position":2,"name":"Projekte 2019 \u2013 2023","item":"https:\/\/medienerbe-ddr.de\/index.php\/projekte-2\/"},{"@type":"ListItem","position":3,"name":"Die Transformation von Fernsehen und Lebenswelt in Ostdeutschland"}]},{"@type":"WebSite","@id":"https:\/\/medienerbe-ddr.de\/#website","url":"https:\/\/medienerbe-ddr.de\/","name":"Das mediale Erbe der DDR","description":"Akteure, Aneignung, Tradierung","publisher":{"@id":"https:\/\/medienerbe-ddr.de\/#organization"},"potentialAction":[{"@type":"SearchAction","target":{"@type":"EntryPoint","urlTemplate":"https:\/\/medienerbe-ddr.de\/?s={search_term_string}"},"query-input":{"@type":"PropertyValueSpecification","valueRequired":true,"valueName":"search_term_string"}}],"inLanguage":"de"},{"@type":"Organization","@id":"https:\/\/medienerbe-ddr.de\/#organization","name":"Forschungsverbund Das mediale Erbe der DDR","url":"https:\/\/medienerbe-ddr.de\/","logo":{"@type":"ImageObject","inLanguage":"de","@id":"https:\/\/medienerbe-ddr.de\/#\/schema\/logo\/image\/","url":"https:\/\/medienerbe-ddr.de\/wp-content\/uploads\/2019\/03\/LogoDDR_27mm-hg-weiss.png","contentUrl":"https:\/\/medienerbe-ddr.de\/wp-content\/uploads\/2019\/03\/LogoDDR_27mm-hg-weiss.png","width":319,"height":305,"caption":"Forschungsverbund Das mediale Erbe der DDR"},"image":{"@id":"https:\/\/medienerbe-ddr.de\/#\/schema\/logo\/image\/"}}]}},"_links":{"self":[{"href":"https:\/\/medienerbe-ddr.de\/index.php\/wp-json\/wp\/v2\/pages\/886","targetHints":{"allow":["GET"]}}],"collection":[{"href":"https:\/\/medienerbe-ddr.de\/index.php\/wp-json\/wp\/v2\/pages"}],"about":[{"href":"https:\/\/medienerbe-ddr.de\/index.php\/wp-json\/wp\/v2\/types\/page"}],"author":[{"embeddable":true,"href":"https:\/\/medienerbe-ddr.de\/index.php\/wp-json\/wp\/v2\/users\/4"}],"replies":[{"embeddable":true,"href":"https:\/\/medienerbe-ddr.de\/index.php\/wp-json\/wp\/v2\/comments?post=886"}],"version-history":[{"count":10,"href":"https:\/\/medienerbe-ddr.de\/index.php\/wp-json\/wp\/v2\/pages\/886\/revisions"}],"predecessor-version":[{"id":1751,"href":"https:\/\/medienerbe-ddr.de\/index.php\/wp-json\/wp\/v2\/pages\/886\/revisions\/1751"}],"up":[{"embeddable":true,"href":"https:\/\/medienerbe-ddr.de\/index.php\/wp-json\/wp\/v2\/pages\/6"}],"wp:attachment":[{"href":"https:\/\/medienerbe-ddr.de\/index.php\/wp-json\/wp\/v2\/media?parent=886"}],"curies":[{"name":"wp","href":"https:\/\/api.w.org\/{rel}","templated":true}]}}