{"id":881,"date":"2019-04-03T09:04:18","date_gmt":"2019-04-03T08:04:18","guid":{"rendered":"http:\/\/medienerbe-ddr.de\/?page_id=881"},"modified":"2025-10-01T08:56:57","modified_gmt":"2025-10-01T07:56:57","slug":"medienmenschen","status":"publish","type":"page","link":"https:\/\/medienerbe-ddr.de\/index.php\/projekte-2\/medienmenschen\/","title":{"rendered":"Medienmenschen"},"content":{"rendered":"\n<p><em>Projektleitung: Prof. Dr. Michael Meyen (LMU)<\/em><br><em>Bearbeitung: Mandy Tr\u00f6ger, PhD (bis 30.04.2020), Dr. Bianca Kellner-Zotz (ab 01.07.2020)<\/em><\/p>\n\n\n\n<div class=\"wp-block-columns has-2-columns is-layout-flex wp-container-core-columns-is-layout-9d6595d7 wp-block-columns-is-layout-flex\">\n<div class=\"wp-block-column is-layout-flow wp-block-column-is-layout-flow\">\n<div class=\"wp-block-cover has-custom-content-position is-position-bottom-right\"><img loading=\"lazy\" decoding=\"async\" width=\"1350\" height=\"900\" class=\"wp-block-cover__image-background wp-image-137\" alt=\"\" src=\"https:\/\/medienerbe-ddr.de\/wp-content\/uploads\/2019\/02\/A1_Bild.jpg\" data-object-fit=\"cover\" srcset=\"https:\/\/medienerbe-ddr.de\/wp-content\/uploads\/2019\/02\/A1_Bild.jpg 1350w, https:\/\/medienerbe-ddr.de\/wp-content\/uploads\/2019\/02\/A1_Bild-300x200.jpg 300w, https:\/\/medienerbe-ddr.de\/wp-content\/uploads\/2019\/02\/A1_Bild-768x512.jpg 768w, https:\/\/medienerbe-ddr.de\/wp-content\/uploads\/2019\/02\/A1_Bild-1024x683.jpg 1024w\" sizes=\"auto, (max-width: 1350px) 100vw, 1350px\" \/><span aria-hidden=\"true\" class=\"wp-block-cover__background has-background-dim-0 has-background-dim\"><\/span><div class=\"wp-block-cover__inner-container is-layout-flow wp-block-cover-is-layout-flow\">\n<p class=\"has-text-align-center has-large-font-size\">\u00a9&nbsp;<a href=\"https:\/\/unsplash.com\/@caligaris?utm_medium=referral&amp;utm_campaign=photographer-credit&amp;utm_content=creditBadge\" target=\"_blank\" rel=\"noreferrer noopener\">liborio di buono<\/a>&nbsp;\/&nbsp;<a href=\"https:\/\/unsplash.com\/photos\/7HDTBzjKqtY\" target=\"_blank\" rel=\"noreferrer noopener\">Unsplash<\/a><\/p>\n<\/div><\/div>\n\n\n\n<p>Das Projekt \u201eMedienmenschen\u201c stellt\nostdeutsche Medienakteure in den Mittelpunkt ihrer eigenen Betrachtungen.\nGrundthese ist, dass Medienmacher und Medienfiguren f\u00fcr das Publikum h\u00e4ufig\nLebensbegleiter, Projektionsfl\u00e4chen und Identit\u00e4tsanker sind und damit auch\neine besondere Bedeutung f\u00fcr das Geschichtsbewusstsein haben. Hiervon ausgehend\nist die Leitfrage, ob und wie Medienmacher und Medienfiguren, die in der DDR ausgebildet\nund sozialisiert wurden, nach 1990 spezifisch ostdeutsche Sichtweisen in die\nvon ihnen produzierten Medien einbringen. Anders gefragt, welche Folgen hatte\nund hat eine DDR-spezifische Sozialisation f\u00fcr das Selbstverst\u00e4ndnis und die\nProdukte von prominenten ostdeutschen Medienakteuren? <\/p>\n\n\n\n<p>Hier\nliegt der Schwerpunkt auf Massenmedien (Fernsehen\/Film\/Radio\/Musik). Im Rahmen\ndieser Fragestellung wird ebenfalls untersucht, unter welchen Bedingungen diese\nMedienakteure im vereinigten Deutschland ihre Arbeit fortsetzten und welche\nKonsequenzen ihre individuellen Biografien f\u00fcr spezifische Deutungen \u00fcber die\nDDR, Ostdeutschland und Gesamtdeutschland haben. Wie berichten also\nJournalisten \u00fcber die DDR und \u00fcber die Gegenwart, die daf\u00fcr ausgebildet wurden,\n\u201epolitische PR\u201c f\u00fcr die SED zu machen? Unterscheiden sich ihre Konstruktionen\nvon denen der westdeutschen oder im vereinten Deutschland ausgebildeten\nJournalisten und Moderatoren, Regisseuren oder Schauspielern? F\u00fcr die Studie\nwerden rund drei\u00dfig (semi-)prominente Medienakteure gruppenbiographisch\nuntersucht.<\/p>\n\n\n\n<p><strong>Publikationen<\/strong><\/p>\n\n\n\n<p><em>Monografien<\/em><\/p>\n\n\n\n<p class=\"has-text-align-left\"><img loading=\"lazy\" decoding=\"async\" width=\"150\" height=\"225\" class=\"wp-image-1416\" style=\"width: 150px;\" src=\"https:\/\/medienerbe-ddr.de\/wp-content\/uploads\/2023\/10\/Wir-sind-die-anderen_Cover.jpg\" alt=\"\" srcset=\"https:\/\/medienerbe-ddr.de\/wp-content\/uploads\/2023\/10\/Wir-sind-die-anderen_Cover.jpg 750w, https:\/\/medienerbe-ddr.de\/wp-content\/uploads\/2023\/10\/Wir-sind-die-anderen_Cover-200x300.jpg 200w, https:\/\/medienerbe-ddr.de\/wp-content\/uploads\/2023\/10\/Wir-sind-die-anderen_Cover-683x1024.jpg 683w, https:\/\/medienerbe-ddr.de\/wp-content\/uploads\/2023\/10\/Wir-sind-die-anderen_Cover-624x936.jpg 624w\" sizes=\"auto, (max-width: 150px) 100vw, 150px\" \/> <img loading=\"lazy\" decoding=\"async\" width=\"142\" height=\"226\" class=\"wp-image-1240\" style=\"width: 142px;\" src=\"https:\/\/medienerbe-ddr.de\/wp-content\/uploads\/2020\/11\/9783869625706-e1596034294210.jpg\" alt=\"\" srcset=\"https:\/\/medienerbe-ddr.de\/wp-content\/uploads\/2020\/11\/9783869625706-e1596034294210.jpg 750w, https:\/\/medienerbe-ddr.de\/wp-content\/uploads\/2020\/11\/9783869625706-e1596034294210-188x300.jpg 188w, https:\/\/medienerbe-ddr.de\/wp-content\/uploads\/2020\/11\/9783869625706-e1596034294210-643x1024.jpg 643w, https:\/\/medienerbe-ddr.de\/wp-content\/uploads\/2020\/11\/9783869625706-e1596034294210-624x994.jpg 624w\" sizes=\"auto, (max-width: 142px) 100vw, 142px\" \/><\/p>\n\n\n\n<ul class=\"wp-block-list\">\n<li>Bianca Kellner-Zotz, Michael Meyen: <em>Wir sind die anderen. Ostdeutsche Medienmenschen und das Erbe der DDR<\/em>. K\u00f6ln 2023.<\/li>\n\n\n\n<li>Michael Meyen: <em>Das Erbe sind wir. Warum die DDR-Journalistik zu fr\u00fch beerdigt wurde. Meine Geschichte<\/em>. K\u00f6ln 2020.<\/li>\n<\/ul>\n\n\n\n<p><em>Beitr\u00e4ge in Zeitschriften, Sammelb\u00e4nden und auf wissenschaftlichen Portalen<\/em><\/p>\n\n\n\n<ul class=\"wp-block-list\">\n<li>Mandy Tr\u00f6ger: Zwischen Diktatur, Utopie und Markt. Die Zeitungslandschaft Ostdeutschlands in der Wendezeit. In: Martin Sabrow, Tilmann Siebeneichner, Peter Ulrich Wei\u00df (Hrsg.): <em><a href=\"https:\/\/www.wallstein-verlag.de\/9783835350212-1989-eine-epochenzaesur.html\" target=\"_blank\" rel=\"noreferrer noopener\">1989 \u2013 Eine Epochenz\u00e4sur?<\/a><\/em> G\u00f6ttingen 2021, S. 229-248.<\/li>\n\n\n\n<li>Michael Meyen: Eine Vergangenheit, die nicht vergeht. In: Ren\u00e9 Moehrle (Hg.): <em>Umbr\u00fcche und Kontinuit\u00e4ten in der deutschsprachigen Presse. Fallstudien zu Medienakteuren von 1945 bis heute<\/em>, Gutenberg 2020, S. 89\u2013100.<\/li>\n\n\n\n<li>Lutz M\u00fckke, Michael Meyen: \u201eDas Wissen um die Wucht\u201c. In: <em>Message. Internationale Zeitschrift f\u00fcr Journalismus <\/em>(2020, 19. November), URL: <a href=\"https:\/\/www.message-online.com\/das-wissen-um-die-wucht\/\">https:\/\/www.message-online.com\/das-wissen-um-die-wucht\/<\/a><\/li>\n<\/ul>\n<\/div>\n<\/div>\n\n\n\n<p><\/p>\n","protected":false},"excerpt":{"rendered":"<p>Projektleitung: Prof. Dr. Michael Meyen (LMU)Bearbeitung: Mandy Tr\u00f6ger, PhD (bis 30.04.2020), Dr. Bianca Kellner-Zotz (ab 01.07.2020) Das Projekt \u201eMedienmenschen\u201c stellt ostdeutsche Medienakteure in den Mittelpunkt ihrer eigenen Betrachtungen. Grundthese ist,&#8230; <a href=\"https:\/\/medienerbe-ddr.de\/index.php\/projekte-2\/medienmenschen\/\">Read more &raquo;<\/a><\/p>\n","protected":false},"author":4,"featured_media":0,"parent":6,"menu_order":200,"comment_status":"closed","ping_status":"closed","template":"page-templates\/full-width.php","meta":{"_acf_changed":false,"footnotes":"[]"},"class_list":["post-881","page","type-page","status-publish","hentry"],"acf":[],"yoast_head":"<!-- This site is optimized with the Yoast SEO plugin v27.4 - https:\/\/yoast.com\/product\/yoast-seo-wordpress\/ -->\n<title>Medienmenschen - Das mediale Erbe der DDR<\/title>\n<meta name=\"robots\" content=\"index, follow, max-snippet:-1, max-image-preview:large, max-video-preview:-1\" \/>\n<link rel=\"canonical\" href=\"https:\/\/medienerbe-ddr.de\/index.php\/projekte-2\/medienmenschen\/\" \/>\n<meta property=\"og:locale\" content=\"de_DE\" \/>\n<meta property=\"og:type\" content=\"article\" \/>\n<meta property=\"og:title\" content=\"Medienmenschen - Das mediale Erbe der DDR\" \/>\n<meta property=\"og:description\" content=\"Projektleitung: Prof. Dr. Michael Meyen (LMU)Bearbeitung: Mandy Tr\u00f6ger, PhD (bis 30.04.2020), Dr. Bianca Kellner-Zotz (ab 01.07.2020) Das Projekt \u201eMedienmenschen\u201c stellt ostdeutsche Medienakteure in den Mittelpunkt ihrer eigenen Betrachtungen. Grundthese ist,... Read more &raquo;\" \/>\n<meta property=\"og:url\" content=\"https:\/\/medienerbe-ddr.de\/index.php\/projekte-2\/medienmenschen\/\" \/>\n<meta property=\"og:site_name\" content=\"Das mediale Erbe der DDR\" \/>\n<meta property=\"article:modified_time\" content=\"2025-10-01T07:56:57+00:00\" \/>\n<meta property=\"og:image\" content=\"https:\/\/medienerbe-ddr.de\/wp-content\/uploads\/2019\/02\/A1_Bild.jpg\" \/>\n\t<meta property=\"og:image:width\" content=\"1350\" \/>\n\t<meta property=\"og:image:height\" content=\"900\" \/>\n\t<meta property=\"og:image:type\" content=\"image\/jpeg\" \/>\n<meta name=\"twitter:card\" content=\"summary_large_image\" \/>\n<meta name=\"twitter:label1\" content=\"Gesch\u00e4tzte Lesezeit\" \/>\n\t<meta name=\"twitter:data1\" content=\"3\u00a0Minuten\" \/>\n<script type=\"application\/ld+json\" class=\"yoast-schema-graph\">{\"@context\":\"https:\\\/\\\/schema.org\",\"@graph\":[{\"@type\":\"WebPage\",\"@id\":\"https:\\\/\\\/medienerbe-ddr.de\\\/index.php\\\/projekte-2\\\/medienmenschen\\\/\",\"url\":\"https:\\\/\\\/medienerbe-ddr.de\\\/index.php\\\/projekte-2\\\/medienmenschen\\\/\",\"name\":\"Medienmenschen - Das mediale Erbe der DDR\",\"isPartOf\":{\"@id\":\"https:\\\/\\\/medienerbe-ddr.de\\\/#website\"},\"primaryImageOfPage\":{\"@id\":\"https:\\\/\\\/medienerbe-ddr.de\\\/index.php\\\/projekte-2\\\/medienmenschen\\\/#primaryimage\"},\"image\":{\"@id\":\"https:\\\/\\\/medienerbe-ddr.de\\\/index.php\\\/projekte-2\\\/medienmenschen\\\/#primaryimage\"},\"thumbnailUrl\":\"https:\\\/\\\/medienerbe-ddr.de\\\/wp-content\\\/uploads\\\/2019\\\/02\\\/A1_Bild.jpg\",\"datePublished\":\"2019-04-03T08:04:18+00:00\",\"dateModified\":\"2025-10-01T07:56:57+00:00\",\"breadcrumb\":{\"@id\":\"https:\\\/\\\/medienerbe-ddr.de\\\/index.php\\\/projekte-2\\\/medienmenschen\\\/#breadcrumb\"},\"inLanguage\":\"de\",\"potentialAction\":[{\"@type\":\"ReadAction\",\"target\":[\"https:\\\/\\\/medienerbe-ddr.de\\\/index.php\\\/projekte-2\\\/medienmenschen\\\/\"]}]},{\"@type\":\"ImageObject\",\"inLanguage\":\"de\",\"@id\":\"https:\\\/\\\/medienerbe-ddr.de\\\/index.php\\\/projekte-2\\\/medienmenschen\\\/#primaryimage\",\"url\":\"https:\\\/\\\/medienerbe-ddr.de\\\/wp-content\\\/uploads\\\/2019\\\/02\\\/A1_Bild.jpg\",\"contentUrl\":\"https:\\\/\\\/medienerbe-ddr.de\\\/wp-content\\\/uploads\\\/2019\\\/02\\\/A1_Bild.jpg\",\"width\":1350,\"height\":900},{\"@type\":\"BreadcrumbList\",\"@id\":\"https:\\\/\\\/medienerbe-ddr.de\\\/index.php\\\/projekte-2\\\/medienmenschen\\\/#breadcrumb\",\"itemListElement\":[{\"@type\":\"ListItem\",\"position\":1,\"name\":\"Startseite\",\"item\":\"https:\\\/\\\/medienerbe-ddr.de\\\/\"},{\"@type\":\"ListItem\",\"position\":2,\"name\":\"Projekte 2019 \u2013 2023\",\"item\":\"https:\\\/\\\/medienerbe-ddr.de\\\/index.php\\\/projekte-2\\\/\"},{\"@type\":\"ListItem\",\"position\":3,\"name\":\"Medienmenschen\"}]},{\"@type\":\"WebSite\",\"@id\":\"https:\\\/\\\/medienerbe-ddr.de\\\/#website\",\"url\":\"https:\\\/\\\/medienerbe-ddr.de\\\/\",\"name\":\"Das mediale Erbe der DDR\",\"description\":\"Akteure, Aneignung, Tradierung\",\"publisher\":{\"@id\":\"https:\\\/\\\/medienerbe-ddr.de\\\/#organization\"},\"potentialAction\":[{\"@type\":\"SearchAction\",\"target\":{\"@type\":\"EntryPoint\",\"urlTemplate\":\"https:\\\/\\\/medienerbe-ddr.de\\\/?s={search_term_string}\"},\"query-input\":{\"@type\":\"PropertyValueSpecification\",\"valueRequired\":true,\"valueName\":\"search_term_string\"}}],\"inLanguage\":\"de\"},{\"@type\":\"Organization\",\"@id\":\"https:\\\/\\\/medienerbe-ddr.de\\\/#organization\",\"name\":\"Forschungsverbund Das mediale Erbe der DDR\",\"url\":\"https:\\\/\\\/medienerbe-ddr.de\\\/\",\"logo\":{\"@type\":\"ImageObject\",\"inLanguage\":\"de\",\"@id\":\"https:\\\/\\\/medienerbe-ddr.de\\\/#\\\/schema\\\/logo\\\/image\\\/\",\"url\":\"https:\\\/\\\/medienerbe-ddr.de\\\/wp-content\\\/uploads\\\/2019\\\/03\\\/LogoDDR_27mm-hg-weiss.png\",\"contentUrl\":\"https:\\\/\\\/medienerbe-ddr.de\\\/wp-content\\\/uploads\\\/2019\\\/03\\\/LogoDDR_27mm-hg-weiss.png\",\"width\":319,\"height\":305,\"caption\":\"Forschungsverbund Das mediale Erbe der DDR\"},\"image\":{\"@id\":\"https:\\\/\\\/medienerbe-ddr.de\\\/#\\\/schema\\\/logo\\\/image\\\/\"}}]}<\/script>\n<!-- \/ Yoast SEO plugin. -->","yoast_head_json":{"title":"Medienmenschen - Das mediale Erbe der DDR","robots":{"index":"index","follow":"follow","max-snippet":"max-snippet:-1","max-image-preview":"max-image-preview:large","max-video-preview":"max-video-preview:-1"},"canonical":"https:\/\/medienerbe-ddr.de\/index.php\/projekte-2\/medienmenschen\/","og_locale":"de_DE","og_type":"article","og_title":"Medienmenschen - Das mediale Erbe der DDR","og_description":"Projektleitung: Prof. Dr. Michael Meyen (LMU)Bearbeitung: Mandy Tr\u00f6ger, PhD (bis 30.04.2020), Dr. Bianca Kellner-Zotz (ab 01.07.2020) Das Projekt \u201eMedienmenschen\u201c stellt ostdeutsche Medienakteure in den Mittelpunkt ihrer eigenen Betrachtungen. Grundthese ist,... Read more &raquo;","og_url":"https:\/\/medienerbe-ddr.de\/index.php\/projekte-2\/medienmenschen\/","og_site_name":"Das mediale Erbe der DDR","article_modified_time":"2025-10-01T07:56:57+00:00","og_image":[{"width":1350,"height":900,"url":"https:\/\/medienerbe-ddr.de\/wp-content\/uploads\/2019\/02\/A1_Bild.jpg","type":"image\/jpeg"}],"twitter_card":"summary_large_image","twitter_misc":{"Gesch\u00e4tzte Lesezeit":"3\u00a0Minuten"},"schema":{"@context":"https:\/\/schema.org","@graph":[{"@type":"WebPage","@id":"https:\/\/medienerbe-ddr.de\/index.php\/projekte-2\/medienmenschen\/","url":"https:\/\/medienerbe-ddr.de\/index.php\/projekte-2\/medienmenschen\/","name":"Medienmenschen - Das mediale Erbe der DDR","isPartOf":{"@id":"https:\/\/medienerbe-ddr.de\/#website"},"primaryImageOfPage":{"@id":"https:\/\/medienerbe-ddr.de\/index.php\/projekte-2\/medienmenschen\/#primaryimage"},"image":{"@id":"https:\/\/medienerbe-ddr.de\/index.php\/projekte-2\/medienmenschen\/#primaryimage"},"thumbnailUrl":"https:\/\/medienerbe-ddr.de\/wp-content\/uploads\/2019\/02\/A1_Bild.jpg","datePublished":"2019-04-03T08:04:18+00:00","dateModified":"2025-10-01T07:56:57+00:00","breadcrumb":{"@id":"https:\/\/medienerbe-ddr.de\/index.php\/projekte-2\/medienmenschen\/#breadcrumb"},"inLanguage":"de","potentialAction":[{"@type":"ReadAction","target":["https:\/\/medienerbe-ddr.de\/index.php\/projekte-2\/medienmenschen\/"]}]},{"@type":"ImageObject","inLanguage":"de","@id":"https:\/\/medienerbe-ddr.de\/index.php\/projekte-2\/medienmenschen\/#primaryimage","url":"https:\/\/medienerbe-ddr.de\/wp-content\/uploads\/2019\/02\/A1_Bild.jpg","contentUrl":"https:\/\/medienerbe-ddr.de\/wp-content\/uploads\/2019\/02\/A1_Bild.jpg","width":1350,"height":900},{"@type":"BreadcrumbList","@id":"https:\/\/medienerbe-ddr.de\/index.php\/projekte-2\/medienmenschen\/#breadcrumb","itemListElement":[{"@type":"ListItem","position":1,"name":"Startseite","item":"https:\/\/medienerbe-ddr.de\/"},{"@type":"ListItem","position":2,"name":"Projekte 2019 \u2013 2023","item":"https:\/\/medienerbe-ddr.de\/index.php\/projekte-2\/"},{"@type":"ListItem","position":3,"name":"Medienmenschen"}]},{"@type":"WebSite","@id":"https:\/\/medienerbe-ddr.de\/#website","url":"https:\/\/medienerbe-ddr.de\/","name":"Das mediale Erbe der DDR","description":"Akteure, Aneignung, Tradierung","publisher":{"@id":"https:\/\/medienerbe-ddr.de\/#organization"},"potentialAction":[{"@type":"SearchAction","target":{"@type":"EntryPoint","urlTemplate":"https:\/\/medienerbe-ddr.de\/?s={search_term_string}"},"query-input":{"@type":"PropertyValueSpecification","valueRequired":true,"valueName":"search_term_string"}}],"inLanguage":"de"},{"@type":"Organization","@id":"https:\/\/medienerbe-ddr.de\/#organization","name":"Forschungsverbund Das mediale Erbe der DDR","url":"https:\/\/medienerbe-ddr.de\/","logo":{"@type":"ImageObject","inLanguage":"de","@id":"https:\/\/medienerbe-ddr.de\/#\/schema\/logo\/image\/","url":"https:\/\/medienerbe-ddr.de\/wp-content\/uploads\/2019\/03\/LogoDDR_27mm-hg-weiss.png","contentUrl":"https:\/\/medienerbe-ddr.de\/wp-content\/uploads\/2019\/03\/LogoDDR_27mm-hg-weiss.png","width":319,"height":305,"caption":"Forschungsverbund Das mediale Erbe der DDR"},"image":{"@id":"https:\/\/medienerbe-ddr.de\/#\/schema\/logo\/image\/"}}]}},"_links":{"self":[{"href":"https:\/\/medienerbe-ddr.de\/index.php\/wp-json\/wp\/v2\/pages\/881","targetHints":{"allow":["GET"]}}],"collection":[{"href":"https:\/\/medienerbe-ddr.de\/index.php\/wp-json\/wp\/v2\/pages"}],"about":[{"href":"https:\/\/medienerbe-ddr.de\/index.php\/wp-json\/wp\/v2\/types\/page"}],"author":[{"embeddable":true,"href":"https:\/\/medienerbe-ddr.de\/index.php\/wp-json\/wp\/v2\/users\/4"}],"replies":[{"embeddable":true,"href":"https:\/\/medienerbe-ddr.de\/index.php\/wp-json\/wp\/v2\/comments?post=881"}],"version-history":[{"count":12,"href":"https:\/\/medienerbe-ddr.de\/index.php\/wp-json\/wp\/v2\/pages\/881\/revisions"}],"predecessor-version":[{"id":1748,"href":"https:\/\/medienerbe-ddr.de\/index.php\/wp-json\/wp\/v2\/pages\/881\/revisions\/1748"}],"up":[{"embeddable":true,"href":"https:\/\/medienerbe-ddr.de\/index.php\/wp-json\/wp\/v2\/pages\/6"}],"wp:attachment":[{"href":"https:\/\/medienerbe-ddr.de\/index.php\/wp-json\/wp\/v2\/media?parent=881"}],"curies":[{"name":"wp","href":"https:\/\/api.w.org\/{rel}","templated":true}]}}