{"id":247,"date":"2019-02-06T08:30:52","date_gmt":"2019-02-06T08:30:52","guid":{"rendered":"http:\/\/medienerbe-ddr.de\/?page_id=247"},"modified":"2025-05-05T13:19:52","modified_gmt":"2025-05-05T12:19:52","slug":"team","status":"publish","type":"page","link":"https:\/\/medienerbe-ddr.de\/index.php\/team\/","title":{"rendered":"Team"},"content":{"rendered":"\n<p><strong>Wissenschaftliche Leitung<\/strong><\/p>\n\n\n\n<figure class=\"wp-block-table is-style-stripes\"><table><tbody><tr><td><a href=\"https:\/\/www.did.geschichte.uni-muenchen.de\/personen\/lehrstuhlinhaber\/prof_-dr_-michele-barricelli\/index.html\" target=\"_blank\" rel=\"noreferrer noopener\">Prof. Dr. Michele Barricelli<\/a><\/td><td>LMU M\u00fcnchen<\/td><td>Sprecher<\/td><\/tr><tr><td><a aria-label=\" L\u00fccke, Martin  (\u00f6ffnet in neuem Tab)\" href=\"https:\/\/www.geschkult.fu-berlin.de\/e\/fmi\/institut\/mitglieder\/Professorinnen_und_Professoren\/luecke.html\" target=\"_blank\" rel=\"noreferrer noopener\">Prof. Dr. Martin L\u00fccke <\/a><\/td><td>FU Berlin <\/td><td>stellvertretender Sprecher<\/td><\/tr><tr><td><a aria-label=\" (\u00f6ffnet in neuem Tab)\" href=\"https:\/\/zzf-potsdam.de\/de\/mitarbeiter\/frank-bosch\" target=\"_blank\" rel=\"noreferrer noopener\">Prof. Dr. Frank B\u00f6sch<\/a><\/td><td>ZZF Potsdam<\/td><td>stellvertretender Sprecher<\/td><\/tr><tr><td><a href=\"https:\/\/www.ifkw.uni-muenchen.de\/personen\/professoren\/meyen_michael\/index.html\" target=\"_blank\" rel=\"noreferrer noopener\">P<\/a><a href=\"https:\/\/www.ifkw.uni-muenchen.de\/organisation\/personen\/professoren\/meyen_michael\/index.html\" target=\"_blank\" rel=\"noreferrer noopener\">rof. Dr. Michael Meyen<\/a><\/td><td>LMU M\u00fcnchen<\/td><td><\/td><\/tr><tr><td><a href=\"https:\/\/www.polsoz.fu-berlin.de\/kommwiss\/arbeitsstellen\/kommunikationsgeschichte\/mitarbeiter_innen\/mloeblich\/\" target=\"_blank\" rel=\"noreferrer noopener\">Prof. Dr. Maria L\u00f6blich<\/a><\/td><td>FU Berlin<\/td><td><\/td><\/tr><tr><td><a aria-label=\"Dr.\u200b Vowinckel, Annette (\u00f6ffnet in neuem Tab)\" href=\"https:\/\/zzf-potsdam.de\/de\/mitarbeiter\/annette-vowinckel\" target=\"_blank\" rel=\"noreferrer noopener\">Prof. Dr.\u200b Annette Vowinckel<\/a><\/td><td>ZZF Potsdam<\/td><td><\/td><\/tr><tr><td><a href=\"https:\/\/zzf-potsdam.de\/de\/mitarbeiter\/christoph-classen\" target=\"_blank\" rel=\"noreferrer noopener\">Dr. Christoph Classen<\/a><\/td><td>ZZF Potsdam<\/td><td><\/td><\/tr><tr><td><a aria-label=\"Danyel, J\u00fcrgen (\u00f6ffnet in neuem Tab)\" href=\"https:\/\/zzf-potsdam.de\/de\/mitarbeiter\/jurgen-danyel\" target=\"_blank\" rel=\"noreferrer noopener\">Dr. J\u00fcrgen Danyel<\/a><\/td><td>ZZF Potsdam <\/td><td><\/td><\/tr><tr><td><a aria-label=\"Dr. Z\u00fcndorf, Irmgard (\u00f6ffnet in neuem Tab)\" href=\"https:\/\/zzf-potsdam.de\/de\/mitarbeiter\/irmgard-zundorf\" target=\"_blank\" rel=\"noreferrer noopener\">Dr. Irmgard Z\u00fcndorf<\/a><\/td><td>ZZF Potsdam<\/td><td><\/td><\/tr><\/tbody><\/table><\/figure>\n\n\n\n<p><strong>Wissenschaftliche MitarbeiterInnen<\/strong><\/p>\n\n\n\n<figure class=\"wp-block-table is-style-stripes\"><table><tbody><tr><td><a href=\"https:\/\/zzf-potsdam.de\/de\/mitarbeiter\/isabel-enzenbach\" target=\"_blank\" rel=\"noreferrer noopener\">Dr. Isabel Enzenbach<\/a><\/td><td>ZZF Potsdam<\/td><\/tr><tr><td><a aria-label=\"Frese-Renner, Lea (\u00f6ffnet in neuem Tab)\" href=\"https:\/\/zzf-potsdam.de\/de\/mitarbeiter\/lea-frese-renner\" target=\"_blank\" rel=\"noreferrer noopener\">Lea Frese-Renner<\/a><\/td><td>ZZF Potsdam <\/td><\/tr><tr><td><a href=\"https:\/\/www.ifkw.uni-muenchen.de\/organisation\/personen\/mitarbeiter\/friedrich_lukas\/index.html\" target=\"_blank\" rel=\"noreferrer noopener\">Lukas Friedrich<\/a><\/td><td>LMU M\u00fcnchen<\/td><\/tr><tr><td><a href=\"https:\/\/www.geschkult.fu-berlin.de\/e\/fmi\/bereiche\/ab_didaktik\/Team\/Mitarbeiter_innen\/JulianGenten1.html\">Dr. Julian Genten<\/a><\/td><td>FU Berlin<\/td><\/tr><tr><td><a aria-label=\"Gordeeva, Daria (\u00f6ffnet in neuem Tab)\" href=\"https:\/\/www.ifkw.uni-muenchen.de\/organisation\/personen\/mitarbeiter\/gordeeva\/index.html\" target=\"_blank\" rel=\"noreferrer noopener\">Dr. Daria Gordeeva<\/a> <br>(Verbundkoordinatorin)<\/td><td>LMU M\u00fcnchen<\/td><\/tr><tr><td><a aria-label=\"Koltermann, Tom (\u00f6ffnet in neuem Tab)\" href=\"https:\/\/zzf-potsdam.de\/de\/mitarbeiter\/tom-koltermann\" target=\"_blank\" rel=\"noreferrer noopener\">Tom Koltermann<\/a><\/td><td>ZZF Potsdam<\/td><\/tr><tr><td><a href=\"https:\/\/zzf-potsdam.de\/de\/mitarbeiter\/nikolai-okunew\" target=\"_blank\" rel=\"noreferrer noopener\">Dr. Nikolai Okunew<\/a><\/td><td>ZZF Potsdam<\/td><\/tr><tr><td><a href=\"https:\/\/www.polsoz.fu-berlin.de\/kommwiss\/arbeitsstellen\/kommunikationsgeschichte\/mitarbeiter_innen\/epollack\/index.html\" target=\"_blank\" rel=\"noreferrer noopener\">Dr. Elisa Pollack<\/a><\/td><td>FU Berlin<\/td><\/tr><tr><td><a href=\"https:\/\/zzf-potsdam.de\/de\/mitarbeiter\/anja-tack\" target=\"_blank\" rel=\"noreferrer noopener\">Dr. Anja Tack<\/a><\/td><td>ZZF Potsdam<\/td><\/tr><tr><td><a aria-label=\"Tetzlaff, Christian (\u00f6ffnet in neuem Tab)\" href=\"https:\/\/www.did.geschichte.uni-muenchen.de\/personen\/wissenschaftliche_mitarbeiter\/christian_tetzlaff\/index.html\" target=\"_blank\" rel=\"noreferrer noopener\">Christian Tetzlaff<\/a><\/td><td>LMU M\u00fcnchen<\/td><\/tr><\/tbody><\/table><\/figure>\n\n\n\n<p><strong>Ehemalige MitarbeiterInnen und Assoziierte<\/strong><\/p>\n\n\n\n<figure class=\"wp-block-table is-style-stripes\"><table><tbody><tr><td>Olaf Berg<\/td><td>ZZF Potsdam<\/td><\/tr><tr><td><a href=\"https:\/\/www.ilka-brombach.de\/\">Dr. Ilka Br<\/a><a aria-label=\"ombach, Ilk (\u00f6ffnet in neuem Tab)\" href=\"https:\/\/www.ilka-brombach.de\/\" target=\"_blank\" rel=\"noreferrer noopener\">ombach<\/a><\/td><td>moving history \u2013 Festival des historischen Films<\/td><\/tr><tr><td>Dr. Sinja Gerdes<\/td><td>LMU M\u00fcnchen<\/td><\/tr><tr><td><a aria-label=\"Herskovits, Alberto (\u00f6ffnet in neuem Tab)\" href=\"http:\/\/www.altofilm.se\/About_us.html\" target=\"_blank\" rel=\"noreferrer noopener\">Alberto Herskovits<\/a><\/td><td>Altofilm<\/td><\/tr><tr><td>Dr. Bianca Kellner-Zotz<\/td><td>LMU M\u00fcnchen<\/td><\/tr><tr><td><a href=\"https:\/\/www.irtg-diversity.com\/index.php?page=people&amp;person=laurence_mcfalls&amp;id=392\" target=\"_blank\" rel=\"noreferrer noopener\">Laurence McFalls, Ph.D.<\/a><\/td><td>Universit\u00e9 de Montr\u00e9al<\/td><\/tr><tr><td>Sandra Starke<\/td><td>ZZF Potsdam<\/td><\/tr><tr><td>Prof. Dr. Margit Sz\u00f6ll\u00f6si-Janze<\/td><td>LMU M\u00fcnchen<\/td><\/tr><tr><td>Lotte Thaa<\/td><td>FU Berlin<\/td><\/tr><tr><td>Dr. Peter Ulrich Wei\u00df<\/td><td>ZZF Potsdam<\/td><\/tr><\/tbody><\/table><\/figure>\n","protected":false},"excerpt":{"rendered":"<p>Wissenschaftliche Leitung Prof. Dr. Michele Barricelli LMU M\u00fcnchen Sprecher Prof. Dr. Martin L\u00fccke FU Berlin stellvertretender Sprecher Prof. Dr. Frank B\u00f6sch ZZF Potsdam stellvertretender Sprecher Prof. Dr. Michael Meyen LMU&#8230; <a href=\"https:\/\/medienerbe-ddr.de\/index.php\/team\/\">Read more &raquo;<\/a><\/p>\n","protected":false},"author":4,"featured_media":0,"parent":0,"menu_order":0,"comment_status":"closed","ping_status":"closed","template":"","meta":{"_acf_changed":false,"footnotes":""},"class_list":["post-247","page","type-page","status-publish","hentry"],"acf":[],"yoast_head":"<!-- This site is optimized with the Yoast SEO plugin v27.4 - https:\/\/yoast.com\/product\/yoast-seo-wordpress\/ -->\n<title>Team - Das mediale Erbe der DDR<\/title>\n<meta name=\"robots\" content=\"index, follow, max-snippet:-1, max-image-preview:large, max-video-preview:-1\" \/>\n<link rel=\"canonical\" href=\"https:\/\/medienerbe-ddr.de\/index.php\/team\/\" \/>\n<meta property=\"og:locale\" content=\"de_DE\" \/>\n<meta property=\"og:type\" content=\"article\" \/>\n<meta property=\"og:title\" content=\"Team - Das mediale Erbe der DDR\" \/>\n<meta property=\"og:description\" content=\"Wissenschaftliche Leitung Prof. Dr. Michele Barricelli LMU M\u00fcnchen Sprecher Prof. Dr. Martin L\u00fccke FU Berlin stellvertretender Sprecher Prof. Dr. Frank B\u00f6sch ZZF Potsdam stellvertretender Sprecher Prof. Dr. Michael Meyen LMU... Read more &raquo;\" \/>\n<meta property=\"og:url\" content=\"https:\/\/medienerbe-ddr.de\/index.php\/team\/\" \/>\n<meta property=\"og:site_name\" content=\"Das mediale Erbe der DDR\" \/>\n<meta property=\"article:modified_time\" content=\"2025-05-05T12:19:52+00:00\" \/>\n<meta name=\"twitter:card\" content=\"summary_large_image\" \/>\n<meta name=\"twitter:label1\" content=\"Gesch\u00e4tzte Lesezeit\" \/>\n\t<meta name=\"twitter:data1\" content=\"1\u00a0Minute\" \/>\n<script type=\"application\/ld+json\" class=\"yoast-schema-graph\">{\"@context\":\"https:\\\/\\\/schema.org\",\"@graph\":[{\"@type\":\"WebPage\",\"@id\":\"https:\\\/\\\/medienerbe-ddr.de\\\/index.php\\\/team\\\/\",\"url\":\"https:\\\/\\\/medienerbe-ddr.de\\\/index.php\\\/team\\\/\",\"name\":\"Team - Das mediale Erbe der DDR\",\"isPartOf\":{\"@id\":\"https:\\\/\\\/medienerbe-ddr.de\\\/#website\"},\"datePublished\":\"2019-02-06T08:30:52+00:00\",\"dateModified\":\"2025-05-05T12:19:52+00:00\",\"breadcrumb\":{\"@id\":\"https:\\\/\\\/medienerbe-ddr.de\\\/index.php\\\/team\\\/#breadcrumb\"},\"inLanguage\":\"de\",\"potentialAction\":[{\"@type\":\"ReadAction\",\"target\":[\"https:\\\/\\\/medienerbe-ddr.de\\\/index.php\\\/team\\\/\"]}]},{\"@type\":\"BreadcrumbList\",\"@id\":\"https:\\\/\\\/medienerbe-ddr.de\\\/index.php\\\/team\\\/#breadcrumb\",\"itemListElement\":[{\"@type\":\"ListItem\",\"position\":1,\"name\":\"Startseite\",\"item\":\"https:\\\/\\\/medienerbe-ddr.de\\\/\"},{\"@type\":\"ListItem\",\"position\":2,\"name\":\"Team\"}]},{\"@type\":\"WebSite\",\"@id\":\"https:\\\/\\\/medienerbe-ddr.de\\\/#website\",\"url\":\"https:\\\/\\\/medienerbe-ddr.de\\\/\",\"name\":\"Das mediale Erbe der DDR\",\"description\":\"Akteure, Aneignung, Tradierung\",\"publisher\":{\"@id\":\"https:\\\/\\\/medienerbe-ddr.de\\\/#organization\"},\"potentialAction\":[{\"@type\":\"SearchAction\",\"target\":{\"@type\":\"EntryPoint\",\"urlTemplate\":\"https:\\\/\\\/medienerbe-ddr.de\\\/?s={search_term_string}\"},\"query-input\":{\"@type\":\"PropertyValueSpecification\",\"valueRequired\":true,\"valueName\":\"search_term_string\"}}],\"inLanguage\":\"de\"},{\"@type\":\"Organization\",\"@id\":\"https:\\\/\\\/medienerbe-ddr.de\\\/#organization\",\"name\":\"Forschungsverbund Das mediale Erbe der DDR\",\"url\":\"https:\\\/\\\/medienerbe-ddr.de\\\/\",\"logo\":{\"@type\":\"ImageObject\",\"inLanguage\":\"de\",\"@id\":\"https:\\\/\\\/medienerbe-ddr.de\\\/#\\\/schema\\\/logo\\\/image\\\/\",\"url\":\"https:\\\/\\\/medienerbe-ddr.de\\\/wp-content\\\/uploads\\\/2019\\\/03\\\/LogoDDR_27mm-hg-weiss.png\",\"contentUrl\":\"https:\\\/\\\/medienerbe-ddr.de\\\/wp-content\\\/uploads\\\/2019\\\/03\\\/LogoDDR_27mm-hg-weiss.png\",\"width\":319,\"height\":305,\"caption\":\"Forschungsverbund Das mediale Erbe der DDR\"},\"image\":{\"@id\":\"https:\\\/\\\/medienerbe-ddr.de\\\/#\\\/schema\\\/logo\\\/image\\\/\"}}]}<\/script>\n<!-- \/ Yoast SEO plugin. -->","yoast_head_json":{"title":"Team - Das mediale Erbe der DDR","robots":{"index":"index","follow":"follow","max-snippet":"max-snippet:-1","max-image-preview":"max-image-preview:large","max-video-preview":"max-video-preview:-1"},"canonical":"https:\/\/medienerbe-ddr.de\/index.php\/team\/","og_locale":"de_DE","og_type":"article","og_title":"Team - Das mediale Erbe der DDR","og_description":"Wissenschaftliche Leitung Prof. Dr. Michele Barricelli LMU M\u00fcnchen Sprecher Prof. Dr. Martin L\u00fccke FU Berlin stellvertretender Sprecher Prof. Dr. Frank B\u00f6sch ZZF Potsdam stellvertretender Sprecher Prof. Dr. Michael Meyen LMU... Read more &raquo;","og_url":"https:\/\/medienerbe-ddr.de\/index.php\/team\/","og_site_name":"Das mediale Erbe der DDR","article_modified_time":"2025-05-05T12:19:52+00:00","twitter_card":"summary_large_image","twitter_misc":{"Gesch\u00e4tzte Lesezeit":"1\u00a0Minute"},"schema":{"@context":"https:\/\/schema.org","@graph":[{"@type":"WebPage","@id":"https:\/\/medienerbe-ddr.de\/index.php\/team\/","url":"https:\/\/medienerbe-ddr.de\/index.php\/team\/","name":"Team - Das mediale Erbe der DDR","isPartOf":{"@id":"https:\/\/medienerbe-ddr.de\/#website"},"datePublished":"2019-02-06T08:30:52+00:00","dateModified":"2025-05-05T12:19:52+00:00","breadcrumb":{"@id":"https:\/\/medienerbe-ddr.de\/index.php\/team\/#breadcrumb"},"inLanguage":"de","potentialAction":[{"@type":"ReadAction","target":["https:\/\/medienerbe-ddr.de\/index.php\/team\/"]}]},{"@type":"BreadcrumbList","@id":"https:\/\/medienerbe-ddr.de\/index.php\/team\/#breadcrumb","itemListElement":[{"@type":"ListItem","position":1,"name":"Startseite","item":"https:\/\/medienerbe-ddr.de\/"},{"@type":"ListItem","position":2,"name":"Team"}]},{"@type":"WebSite","@id":"https:\/\/medienerbe-ddr.de\/#website","url":"https:\/\/medienerbe-ddr.de\/","name":"Das mediale Erbe der DDR","description":"Akteure, Aneignung, Tradierung","publisher":{"@id":"https:\/\/medienerbe-ddr.de\/#organization"},"potentialAction":[{"@type":"SearchAction","target":{"@type":"EntryPoint","urlTemplate":"https:\/\/medienerbe-ddr.de\/?s={search_term_string}"},"query-input":{"@type":"PropertyValueSpecification","valueRequired":true,"valueName":"search_term_string"}}],"inLanguage":"de"},{"@type":"Organization","@id":"https:\/\/medienerbe-ddr.de\/#organization","name":"Forschungsverbund Das mediale Erbe der DDR","url":"https:\/\/medienerbe-ddr.de\/","logo":{"@type":"ImageObject","inLanguage":"de","@id":"https:\/\/medienerbe-ddr.de\/#\/schema\/logo\/image\/","url":"https:\/\/medienerbe-ddr.de\/wp-content\/uploads\/2019\/03\/LogoDDR_27mm-hg-weiss.png","contentUrl":"https:\/\/medienerbe-ddr.de\/wp-content\/uploads\/2019\/03\/LogoDDR_27mm-hg-weiss.png","width":319,"height":305,"caption":"Forschungsverbund Das mediale Erbe der DDR"},"image":{"@id":"https:\/\/medienerbe-ddr.de\/#\/schema\/logo\/image\/"}}]}},"_links":{"self":[{"href":"https:\/\/medienerbe-ddr.de\/index.php\/wp-json\/wp\/v2\/pages\/247","targetHints":{"allow":["GET"]}}],"collection":[{"href":"https:\/\/medienerbe-ddr.de\/index.php\/wp-json\/wp\/v2\/pages"}],"about":[{"href":"https:\/\/medienerbe-ddr.de\/index.php\/wp-json\/wp\/v2\/types\/page"}],"author":[{"embeddable":true,"href":"https:\/\/medienerbe-ddr.de\/index.php\/wp-json\/wp\/v2\/users\/4"}],"replies":[{"embeddable":true,"href":"https:\/\/medienerbe-ddr.de\/index.php\/wp-json\/wp\/v2\/comments?post=247"}],"version-history":[{"count":61,"href":"https:\/\/medienerbe-ddr.de\/index.php\/wp-json\/wp\/v2\/pages\/247\/revisions"}],"predecessor-version":[{"id":1702,"href":"https:\/\/medienerbe-ddr.de\/index.php\/wp-json\/wp\/v2\/pages\/247\/revisions\/1702"}],"wp:attachment":[{"href":"https:\/\/medienerbe-ddr.de\/index.php\/wp-json\/wp\/v2\/media?parent=247"}],"curies":[{"name":"wp","href":"https:\/\/api.w.org\/{rel}","templated":true}]}}