{"id":1560,"date":"2023-12-11T15:37:08","date_gmt":"2023-12-11T14:37:08","guid":{"rendered":"https:\/\/medienerbe-ddr.de\/?page_id=1560"},"modified":"2025-10-01T08:51:25","modified_gmt":"2025-10-01T07:51:25","slug":"superillu","status":"publish","type":"page","link":"https:\/\/medienerbe-ddr.de\/index.php\/superillu\/","title":{"rendered":"Ein \u201eLeib-und-Magen-Blatt\u201c f\u00fcr den Osten. Der Aufstieg der SuperIllu"},"content":{"rendered":"\n<p><em>Projektleitung: <em>Prof. Dr. Frank B\u00f6sch, Dr. J\u00fcrgen Danyel (ZZF)&nbsp;<\/em><br>Bearbeiter: Dr. Tom Koltermann<\/em><\/p>\n\n\n\n<div class=\"wp-block-cover aligncenter is-light has-custom-content-position is-position-bottom-right\"><img loading=\"lazy\" decoding=\"async\" width=\"1280\" height=\"847\" class=\"wp-block-cover__image-background wp-image-1190\" alt=\"\" src=\"https:\/\/medienerbe-ddr.de\/wp-content\/uploads\/2019\/10\/newspapers-444447_1280.jpg\" data-object-fit=\"cover\" srcset=\"https:\/\/medienerbe-ddr.de\/wp-content\/uploads\/2019\/10\/newspapers-444447_1280.jpg 1280w, https:\/\/medienerbe-ddr.de\/wp-content\/uploads\/2019\/10\/newspapers-444447_1280-300x199.jpg 300w, https:\/\/medienerbe-ddr.de\/wp-content\/uploads\/2019\/10\/newspapers-444447_1280-768x508.jpg 768w, https:\/\/medienerbe-ddr.de\/wp-content\/uploads\/2019\/10\/newspapers-444447_1280-1024x678.jpg 1024w, https:\/\/medienerbe-ddr.de\/wp-content\/uploads\/2019\/10\/newspapers-444447_1280-624x413.jpg 624w\" sizes=\"auto, (max-width: 1280px) 100vw, 1280px\" \/><span aria-hidden=\"true\" class=\"wp-block-cover__background has-background-dim-0 has-background-dim\"><\/span><div class=\"wp-block-cover__inner-container is-layout-flow wp-block-cover-is-layout-flow\">\n<p class=\"has-text-align-right has-white-color has-text-color has-link-color has-normal-font-size wp-elements-897858b6201ff168a03eae6aedc379df\">\u00a9 <a href=\"https:\/\/pixabay.com\/de\/users\/andrys-439428\/\">Andrys<\/a> \/ <a href=\"https:\/\/pixabay.com\/de\/photos\/zeitungen-leeuwarder-strom-444447\/\">Pixabay<\/a><\/p>\n<\/div><\/div>\n\n\n\n<p>Westdeutsche Medienunternehmen eroberten nach dem Mauerfall den Print-Markt in Ostdeutschland, meist mit westdeutschen Produkten. Bei der <em>SuperIllu <\/em>hingegen handelte es&nbsp;sich um ein speziell f\u00fcr den Osten konzipiertes Produkt, das schnell bekannt und besonders erfolgreich wurde. Die Wochenzeitschrift vom Burda-Verlag startete im Sommer 1990 mit einer Auflage von 1,3 Millionen Exemplaren und blieb die reichweitenst\u00e4rkste Zeitschrift in Ostdeutschland. Als selbsternannte \u201eStimme des Ostens\u201c ver\u00e4nderte die <em>SuperIllu <\/em>immer wieder ihren Zuschnitt, vom Fokus auf \u201eSex und Crime\u201c hin zu einer Instanz, die den lebensweltlichen Wandel im Osten begleitete. Mit popul\u00e4ren R\u00fcckgriffen auf das mediale Erbe der DDR wurde sie zu einem wichtigen Faktor in der sich wandelnden DDR-Erinnerung.&nbsp;<\/p>\n\n\n\n<p>Dennoch ist die <em>SuperIllu <\/em>kaum erforscht. Da sie als \u201ekrawallige Busenpostille\u201c (Staud 2000) galt, analysierten nur zwei Aufs\u00e4tze die Entwicklung der Zeitschrift im ersten Jahrzehnt ihres Bestehens (Sch\u00f6nbach 2010, Dietzsch 2008). Dazu kommen \u00dcberlegungen zu den guten Verkaufszahlen (Boyer 2001) und Arbeiten, die die Konstruktion von Geschlecht in der Zeitschrift untersuchen (Sch\u00e4ffler 2015).&nbsp;<\/p>\n\n\n\n<p>Das Forschungsvorhaben untersucht die Genese und den Wandel der Zeitschrift sowie deren Funktion im Kontext der sich transformierenden ostdeutschen Gesellschaft. Dabei wird gefragt, in welcher Weise, mit welchen Inhalten und Formaten die Zeitschrift zu einem spezifisch ostdeutschen Sonderbewusstsein beigetragen hat. Dies geschieht \u00fcber thematische Sonden, die sich der <em>SuperIllu <\/em>als Begleitmedium der Transformation, ihrem Umgang mit der DDR-Geschichte und dem medialen Erbe der DDR, ihrer Rolle bei der Auspr\u00e4gung eines spezifischen Erinnerungsmilieus (Ostalgie\/Ost-Identit\u00e4t) und ihrer Stellung in den \u00f6ffentlichen Debatten \u00fcber die neuen Bundesl\u00e4nder widmen. Neben der Auswertung der Zeitschrifteninhalte werden anhand von redaktionellen Unterlagen und Burda-Archivmaterialien Hintergr\u00fcnde und konzeptionelle \u00dcberlegungen f\u00fcr die Gr\u00fcndung rekonstruiert. Diese Best\u00e4nde werden f\u00fcr das Projekt erstmals zug\u00e4nglich gemacht. Interviews mit aktiven und ehemaligen Redaktionsmitgliedern erg\u00e4nzen die Analyse zum Wandel der redaktionellen Strukturen. Die Rezeption wird anhand eines redaktionsinternen Bestandes an Publikumsbriefen untersucht. Die Ergebnisse werden als Monografie vorgelegt.&nbsp;<\/p>\n\n\n\n<h2 class=\"wp-block-heading\">Publikationen<\/h2>\n\n\n\n<ul class=\"wp-block-list\">\n<li>Tom Koltermann: Die SuperIllu als Wegbereiterin einer ostdeutschen Starkultur. In:\u00a0<em>Jahrbuch f\u00fcr Kommunikationsgeschichte, 27<\/em>\u00a0(i.E., 2025).<\/li>\n\n\n\n<li>Tom Koltermann: Eine f\u00fcr uns? Die SuperIllu als Begleitmedium der Transformation. In:\u00a0<em>Zeitgeschichte-online<\/em>, 06. Januar 2023,<a href=\"https:\/\/zeitgeschichte-online.de\/themen\/eine-fuer-uns\">https:\/\/zeitgeschichte-online.de\/themen\/eine-fuer-uns<\/a><\/li>\n<\/ul>\n","protected":false},"excerpt":{"rendered":"<p>Projektleitung: Prof. Dr. Frank B\u00f6sch, Dr. J\u00fcrgen Danyel (ZZF)&nbsp;Bearbeiter: Dr. Tom Koltermann Westdeutsche Medienunternehmen eroberten nach dem Mauerfall den Print-Markt in Ostdeutschland, meist mit westdeutschen Produkten. Bei der SuperIllu hingegen&#8230; <a href=\"https:\/\/medienerbe-ddr.de\/index.php\/superillu\/\">Read more &raquo;<\/a><\/p>\n","protected":false},"author":4,"featured_media":0,"parent":0,"menu_order":0,"comment_status":"closed","ping_status":"closed","template":"page-templates\/full-width.php","meta":{"_acf_changed":false,"footnotes":""},"class_list":["post-1560","page","type-page","status-publish","hentry"],"acf":[],"yoast_head":"<!-- This site is optimized with the Yoast SEO plugin v27.4 - https:\/\/yoast.com\/product\/yoast-seo-wordpress\/ -->\n<title>Ein \u201eLeib-und-Magen-Blatt\u201c f\u00fcr den Osten. Der Aufstieg der SuperIllu - Das mediale Erbe der DDR<\/title>\n<meta name=\"robots\" content=\"index, follow, max-snippet:-1, max-image-preview:large, max-video-preview:-1\" \/>\n<link rel=\"canonical\" href=\"https:\/\/medienerbe-ddr.de\/index.php\/superillu\/\" \/>\n<meta property=\"og:locale\" content=\"de_DE\" \/>\n<meta property=\"og:type\" content=\"article\" \/>\n<meta property=\"og:title\" content=\"Ein \u201eLeib-und-Magen-Blatt\u201c f\u00fcr den Osten. Der Aufstieg der SuperIllu - Das mediale Erbe der DDR\" \/>\n<meta property=\"og:description\" content=\"Projektleitung: Prof. Dr. Frank B\u00f6sch, Dr. J\u00fcrgen Danyel (ZZF)&nbsp;Bearbeiter: Dr. Tom Koltermann Westdeutsche Medienunternehmen eroberten nach dem Mauerfall den Print-Markt in Ostdeutschland, meist mit westdeutschen Produkten. Bei der SuperIllu hingegen... Read more &raquo;\" \/>\n<meta property=\"og:url\" content=\"https:\/\/medienerbe-ddr.de\/index.php\/superillu\/\" \/>\n<meta property=\"og:site_name\" content=\"Das mediale Erbe der DDR\" \/>\n<meta property=\"article:modified_time\" content=\"2025-10-01T07:51:25+00:00\" \/>\n<meta property=\"og:image\" content=\"https:\/\/medienerbe-ddr.de\/wp-content\/uploads\/2019\/10\/newspapers-444447_1280.jpg\" \/>\n\t<meta property=\"og:image:width\" content=\"1280\" \/>\n\t<meta property=\"og:image:height\" content=\"847\" \/>\n\t<meta property=\"og:image:type\" content=\"image\/jpeg\" \/>\n<meta name=\"twitter:card\" content=\"summary_large_image\" \/>\n<meta name=\"twitter:label1\" content=\"Gesch\u00e4tzte Lesezeit\" \/>\n\t<meta name=\"twitter:data1\" content=\"3\u00a0Minuten\" \/>\n<script type=\"application\/ld+json\" class=\"yoast-schema-graph\">{\"@context\":\"https:\\\/\\\/schema.org\",\"@graph\":[{\"@type\":\"WebPage\",\"@id\":\"https:\\\/\\\/medienerbe-ddr.de\\\/index.php\\\/superillu\\\/\",\"url\":\"https:\\\/\\\/medienerbe-ddr.de\\\/index.php\\\/superillu\\\/\",\"name\":\"Ein \u201eLeib-und-Magen-Blatt\u201c f\u00fcr den Osten. Der Aufstieg der SuperIllu - Das mediale Erbe der DDR\",\"isPartOf\":{\"@id\":\"https:\\\/\\\/medienerbe-ddr.de\\\/#website\"},\"primaryImageOfPage\":{\"@id\":\"https:\\\/\\\/medienerbe-ddr.de\\\/index.php\\\/superillu\\\/#primaryimage\"},\"image\":{\"@id\":\"https:\\\/\\\/medienerbe-ddr.de\\\/index.php\\\/superillu\\\/#primaryimage\"},\"thumbnailUrl\":\"https:\\\/\\\/medienerbe-ddr.de\\\/wp-content\\\/uploads\\\/2019\\\/10\\\/newspapers-444447_1280.jpg\",\"datePublished\":\"2023-12-11T14:37:08+00:00\",\"dateModified\":\"2025-10-01T07:51:25+00:00\",\"breadcrumb\":{\"@id\":\"https:\\\/\\\/medienerbe-ddr.de\\\/index.php\\\/superillu\\\/#breadcrumb\"},\"inLanguage\":\"de\",\"potentialAction\":[{\"@type\":\"ReadAction\",\"target\":[\"https:\\\/\\\/medienerbe-ddr.de\\\/index.php\\\/superillu\\\/\"]}]},{\"@type\":\"ImageObject\",\"inLanguage\":\"de\",\"@id\":\"https:\\\/\\\/medienerbe-ddr.de\\\/index.php\\\/superillu\\\/#primaryimage\",\"url\":\"https:\\\/\\\/medienerbe-ddr.de\\\/wp-content\\\/uploads\\\/2019\\\/10\\\/newspapers-444447_1280.jpg\",\"contentUrl\":\"https:\\\/\\\/medienerbe-ddr.de\\\/wp-content\\\/uploads\\\/2019\\\/10\\\/newspapers-444447_1280.jpg\",\"width\":1280,\"height\":847},{\"@type\":\"BreadcrumbList\",\"@id\":\"https:\\\/\\\/medienerbe-ddr.de\\\/index.php\\\/superillu\\\/#breadcrumb\",\"itemListElement\":[{\"@type\":\"ListItem\",\"position\":1,\"name\":\"Startseite\",\"item\":\"https:\\\/\\\/medienerbe-ddr.de\\\/\"},{\"@type\":\"ListItem\",\"position\":2,\"name\":\"Ein \u201eLeib-und-Magen-Blatt\u201c f\u00fcr den Osten. Der Aufstieg der SuperIllu\"}]},{\"@type\":\"WebSite\",\"@id\":\"https:\\\/\\\/medienerbe-ddr.de\\\/#website\",\"url\":\"https:\\\/\\\/medienerbe-ddr.de\\\/\",\"name\":\"Das mediale Erbe der DDR\",\"description\":\"Akteure, Aneignung, Tradierung\",\"publisher\":{\"@id\":\"https:\\\/\\\/medienerbe-ddr.de\\\/#organization\"},\"potentialAction\":[{\"@type\":\"SearchAction\",\"target\":{\"@type\":\"EntryPoint\",\"urlTemplate\":\"https:\\\/\\\/medienerbe-ddr.de\\\/?s={search_term_string}\"},\"query-input\":{\"@type\":\"PropertyValueSpecification\",\"valueRequired\":true,\"valueName\":\"search_term_string\"}}],\"inLanguage\":\"de\"},{\"@type\":\"Organization\",\"@id\":\"https:\\\/\\\/medienerbe-ddr.de\\\/#organization\",\"name\":\"Forschungsverbund Das mediale Erbe der DDR\",\"url\":\"https:\\\/\\\/medienerbe-ddr.de\\\/\",\"logo\":{\"@type\":\"ImageObject\",\"inLanguage\":\"de\",\"@id\":\"https:\\\/\\\/medienerbe-ddr.de\\\/#\\\/schema\\\/logo\\\/image\\\/\",\"url\":\"https:\\\/\\\/medienerbe-ddr.de\\\/wp-content\\\/uploads\\\/2019\\\/03\\\/LogoDDR_27mm-hg-weiss.png\",\"contentUrl\":\"https:\\\/\\\/medienerbe-ddr.de\\\/wp-content\\\/uploads\\\/2019\\\/03\\\/LogoDDR_27mm-hg-weiss.png\",\"width\":319,\"height\":305,\"caption\":\"Forschungsverbund Das mediale Erbe der DDR\"},\"image\":{\"@id\":\"https:\\\/\\\/medienerbe-ddr.de\\\/#\\\/schema\\\/logo\\\/image\\\/\"}}]}<\/script>\n<!-- \/ Yoast SEO plugin. -->","yoast_head_json":{"title":"Ein \u201eLeib-und-Magen-Blatt\u201c f\u00fcr den Osten. Der Aufstieg der SuperIllu - Das mediale Erbe der DDR","robots":{"index":"index","follow":"follow","max-snippet":"max-snippet:-1","max-image-preview":"max-image-preview:large","max-video-preview":"max-video-preview:-1"},"canonical":"https:\/\/medienerbe-ddr.de\/index.php\/superillu\/","og_locale":"de_DE","og_type":"article","og_title":"Ein \u201eLeib-und-Magen-Blatt\u201c f\u00fcr den Osten. Der Aufstieg der SuperIllu - Das mediale Erbe der DDR","og_description":"Projektleitung: Prof. Dr. Frank B\u00f6sch, Dr. J\u00fcrgen Danyel (ZZF)&nbsp;Bearbeiter: Dr. Tom Koltermann Westdeutsche Medienunternehmen eroberten nach dem Mauerfall den Print-Markt in Ostdeutschland, meist mit westdeutschen Produkten. Bei der SuperIllu hingegen... Read more &raquo;","og_url":"https:\/\/medienerbe-ddr.de\/index.php\/superillu\/","og_site_name":"Das mediale Erbe der DDR","article_modified_time":"2025-10-01T07:51:25+00:00","og_image":[{"width":1280,"height":847,"url":"https:\/\/medienerbe-ddr.de\/wp-content\/uploads\/2019\/10\/newspapers-444447_1280.jpg","type":"image\/jpeg"}],"twitter_card":"summary_large_image","twitter_misc":{"Gesch\u00e4tzte Lesezeit":"3\u00a0Minuten"},"schema":{"@context":"https:\/\/schema.org","@graph":[{"@type":"WebPage","@id":"https:\/\/medienerbe-ddr.de\/index.php\/superillu\/","url":"https:\/\/medienerbe-ddr.de\/index.php\/superillu\/","name":"Ein \u201eLeib-und-Magen-Blatt\u201c f\u00fcr den Osten. Der Aufstieg der SuperIllu - Das mediale Erbe der DDR","isPartOf":{"@id":"https:\/\/medienerbe-ddr.de\/#website"},"primaryImageOfPage":{"@id":"https:\/\/medienerbe-ddr.de\/index.php\/superillu\/#primaryimage"},"image":{"@id":"https:\/\/medienerbe-ddr.de\/index.php\/superillu\/#primaryimage"},"thumbnailUrl":"https:\/\/medienerbe-ddr.de\/wp-content\/uploads\/2019\/10\/newspapers-444447_1280.jpg","datePublished":"2023-12-11T14:37:08+00:00","dateModified":"2025-10-01T07:51:25+00:00","breadcrumb":{"@id":"https:\/\/medienerbe-ddr.de\/index.php\/superillu\/#breadcrumb"},"inLanguage":"de","potentialAction":[{"@type":"ReadAction","target":["https:\/\/medienerbe-ddr.de\/index.php\/superillu\/"]}]},{"@type":"ImageObject","inLanguage":"de","@id":"https:\/\/medienerbe-ddr.de\/index.php\/superillu\/#primaryimage","url":"https:\/\/medienerbe-ddr.de\/wp-content\/uploads\/2019\/10\/newspapers-444447_1280.jpg","contentUrl":"https:\/\/medienerbe-ddr.de\/wp-content\/uploads\/2019\/10\/newspapers-444447_1280.jpg","width":1280,"height":847},{"@type":"BreadcrumbList","@id":"https:\/\/medienerbe-ddr.de\/index.php\/superillu\/#breadcrumb","itemListElement":[{"@type":"ListItem","position":1,"name":"Startseite","item":"https:\/\/medienerbe-ddr.de\/"},{"@type":"ListItem","position":2,"name":"Ein \u201eLeib-und-Magen-Blatt\u201c f\u00fcr den Osten. Der Aufstieg der SuperIllu"}]},{"@type":"WebSite","@id":"https:\/\/medienerbe-ddr.de\/#website","url":"https:\/\/medienerbe-ddr.de\/","name":"Das mediale Erbe der DDR","description":"Akteure, Aneignung, Tradierung","publisher":{"@id":"https:\/\/medienerbe-ddr.de\/#organization"},"potentialAction":[{"@type":"SearchAction","target":{"@type":"EntryPoint","urlTemplate":"https:\/\/medienerbe-ddr.de\/?s={search_term_string}"},"query-input":{"@type":"PropertyValueSpecification","valueRequired":true,"valueName":"search_term_string"}}],"inLanguage":"de"},{"@type":"Organization","@id":"https:\/\/medienerbe-ddr.de\/#organization","name":"Forschungsverbund Das mediale Erbe der DDR","url":"https:\/\/medienerbe-ddr.de\/","logo":{"@type":"ImageObject","inLanguage":"de","@id":"https:\/\/medienerbe-ddr.de\/#\/schema\/logo\/image\/","url":"https:\/\/medienerbe-ddr.de\/wp-content\/uploads\/2019\/03\/LogoDDR_27mm-hg-weiss.png","contentUrl":"https:\/\/medienerbe-ddr.de\/wp-content\/uploads\/2019\/03\/LogoDDR_27mm-hg-weiss.png","width":319,"height":305,"caption":"Forschungsverbund Das mediale Erbe der DDR"},"image":{"@id":"https:\/\/medienerbe-ddr.de\/#\/schema\/logo\/image\/"}}]}},"_links":{"self":[{"href":"https:\/\/medienerbe-ddr.de\/index.php\/wp-json\/wp\/v2\/pages\/1560","targetHints":{"allow":["GET"]}}],"collection":[{"href":"https:\/\/medienerbe-ddr.de\/index.php\/wp-json\/wp\/v2\/pages"}],"about":[{"href":"https:\/\/medienerbe-ddr.de\/index.php\/wp-json\/wp\/v2\/types\/page"}],"author":[{"embeddable":true,"href":"https:\/\/medienerbe-ddr.de\/index.php\/wp-json\/wp\/v2\/users\/4"}],"replies":[{"embeddable":true,"href":"https:\/\/medienerbe-ddr.de\/index.php\/wp-json\/wp\/v2\/comments?post=1560"}],"version-history":[{"count":3,"href":"https:\/\/medienerbe-ddr.de\/index.php\/wp-json\/wp\/v2\/pages\/1560\/revisions"}],"predecessor-version":[{"id":1744,"href":"https:\/\/medienerbe-ddr.de\/index.php\/wp-json\/wp\/v2\/pages\/1560\/revisions\/1744"}],"wp:attachment":[{"href":"https:\/\/medienerbe-ddr.de\/index.php\/wp-json\/wp\/v2\/media?parent=1560"}],"curies":[{"name":"wp","href":"https:\/\/api.w.org\/{rel}","templated":true}]}}